{"id":22526,"date":"2025-06-18T14:39:11","date_gmt":"2025-06-18T14:39:11","guid":{"rendered":"https:\/\/campingresort-bayerwald.de\/?page_id=22526"},"modified":"2025-09-17T11:30:32","modified_gmt":"2025-09-17T11:30:32","slug":"mieten","status":"publish","type":"page","link":"https:\/\/campingresort-bayerwald.de\/en\/mieten","title":{"rendered":"Wohnwagen Mieten &#038; Schlaffass &#8211; Campingplatz &#038; Resort Bayerwald im Bayerischen Wald in Bayern"},"content":{"rendered":"<div data-elementor-type=\"wp-page\" data-elementor-id=\"22526\" class=\"elementor elementor-22526\" data-elementor-post-type=\"page\">\n\t\t\t\t\t\t<section class=\"elementor-section elementor-top-section elementor-element elementor-element-7906e23 elementor-section-boxed elementor-section-height-default elementor-section-height-default qodef-elementor-content-no\" data-id=\"7906e23\" data-element_type=\"section\" data-e-type=\"section\" data-settings=\"{&quot;background_background&quot;:&quot;classic&quot;}\">\n\t\t\t\t\t\t\t<div class=\"elementor-background-overlay\"><\/div>\n\t\t\t\t\t\t\t<div class=\"elementor-container elementor-column-gap-default\">\n\t\t\t\t\t<div class=\"elementor-column elementor-col-100 elementor-top-column elementor-element elementor-element-8667242\" data-id=\"8667242\" data-element_type=\"column\" data-e-type=\"column\">\n\t\t\t<div class=\"elementor-widget-wrap elementor-element-populated\">\n\t\t\t\t\t\t<div class=\"elementor-element elementor-element-c66d910 elementor-widget elementor-widget-heading\" data-id=\"c66d910\" data-element_type=\"widget\" data-e-type=\"widget\" data-widget_type=\"heading.default\">\n\t\t\t\t<div class=\"elementor-widget-container\">\n\t\t\t\t\t<h1 class=\"elementor-heading-title elementor-size-default\">Nat\u00fcrlich. Gem\u00fctlich. Einfach mieten.<\/h1>\t\t\t\t<\/div>\n\t\t\t\t<\/div>\n\t\t\t\t<div class=\"elementor-element elementor-element-009204c elementor-widget elementor-widget-heading\" data-id=\"009204c\" data-element_type=\"widget\" data-e-type=\"widget\" data-widget_type=\"heading.default\">\n\t\t\t\t<div class=\"elementor-widget-container\">\n\t\t\t\t\t<h1 class=\"elementor-heading-title elementor-size-default\">\u00dcBERNACHTEN IM SCHLAFFASS ODER MIETCAMPER<\/h1>\t\t\t\t<\/div>\n\t\t\t\t<\/div>\n\t\t\t\t<div class=\"elementor-element elementor-element-40d3e26 elementor-widget__width-auto elementor-widget elementor-widget-kamperen_core_button\" data-id=\"40d3e26\" data-element_type=\"widget\" data-e-type=\"widget\" data-widget_type=\"kamperen_core_button.default\">\n\t\t\t\t<div class=\"elementor-widget-container\">\n\t\t\t\t\t<a class=\"qodef-shortcode qodef-m  qodef-button qodef-layout--filled  qodef-html--link\" href=\"https:\/\/booking.camping.care\/camping-resort-bayerwald\" target=\"_self\"  >\n\t<span class=\"qodef-m-text\">Unterkunft buchen<\/span>\n<\/a>\n\t\t\t\t<\/div>\n\t\t\t\t<\/div>\n\t\t\t\t\t<\/div>\n\t\t<\/div>\n\t\t\t\t\t<\/div>\n\t\t<\/section>\n\t\t\t\t<section class=\"elementor-section elementor-top-section elementor-element elementor-element-387dad3 elementor-hidden-desktop elementor-hidden-tablet elementor-hidden-mobile elementor-section-boxed elementor-section-height-default elementor-section-height-default qodef-elementor-content-no\" data-id=\"387dad3\" data-element_type=\"section\" data-e-type=\"section\">\n\t\t\t\t\t\t\t<div class=\"elementor-background-overlay\"><\/div>\n\t\t\t\t\t\t\t<div class=\"elementor-container elementor-column-gap-default\">\n\t\t\t\t\t<div class=\"elementor-column elementor-col-100 elementor-top-column elementor-element elementor-element-00aabce\" data-id=\"00aabce\" data-element_type=\"column\" data-e-type=\"column\">\n\t\t\t<div class=\"elementor-widget-wrap elementor-element-populated\">\n\t\t\t\t\t\t<div class=\"elementor-element elementor-element-65fac0b elementor-widget-tablet__width-initial elementor-widget elementor-widget-html\" data-id=\"65fac0b\" data-element_type=\"widget\" data-e-type=\"widget\" data-widget_type=\"html.default\">\n\t\t\t\t<div class=\"elementor-widget-container\">\n\t\t\t\t\t<booking-engine\nadministration=\"camping-resort-bayerwald\"\nwidget=\"search-and-book\"\n><\/booking-engine>\n<script src=\"https:\/\/widgets.booking.camping.care\/assets\/plugin.js\"><\/script>\t\t\t\t<\/div>\n\t\t\t\t<\/div>\n\t\t\t\t\t<\/div>\n\t\t<\/div>\n\t\t\t\t\t<\/div>\n\t\t<\/section>\n\t\t\t\t<section class=\"elementor-section elementor-top-section elementor-element elementor-element-cfc98d5 elementor-section-boxed elementor-section-height-default elementor-section-height-default qodef-elementor-content-no\" data-id=\"cfc98d5\" data-element_type=\"section\" data-e-type=\"section\" data-settings=\"{&quot;background_background&quot;:&quot;classic&quot;}\">\n\t\t\t\t\t\t<div class=\"elementor-container elementor-column-gap-default\">\n\t\t\t\t\t<div class=\"elementor-column elementor-col-100 elementor-top-column elementor-element elementor-element-39fa418\" data-id=\"39fa418\" data-element_type=\"column\" data-e-type=\"column\">\n\t\t\t<div class=\"elementor-widget-wrap elementor-element-populated\">\n\t\t\t\t\t\t<div class=\"elementor-element elementor-element-c116f46 elementor-widget elementor-widget-kamperen_core_section_title\" data-id=\"c116f46\" data-element_type=\"widget\" data-e-type=\"widget\" data-widget_type=\"kamperen_core_section_title.default\">\n\t\t\t\t<div class=\"elementor-widget-container\">\n\t\t\t\t\t<div class=\"qodef-shortcode qodef-m  qodef-section-title qodef-alignment--center\">\n\t\t<div class=\"qodef-m-tagline-mark\" >\n\t\tKOMFORT CAMP\t<\/div>\n\t\t<h2 class=\"qodef-m-title\" >\n\t\t\t\t\tSchlaff\u00e4sser &amp; SeasonCamper.\t\t\t<\/h2>\n\t<\/div>\n\t\t\t\t<\/div>\n\t\t\t\t<\/div>\n\t\t\t\t<div class=\"elementor-element elementor-element-5abecde elementor-widget elementor-widget-text-editor\" data-id=\"5abecde\" data-element_type=\"widget\" data-e-type=\"widget\" data-widget_type=\"text-editor.default\">\n\t\t\t\t<div class=\"elementor-widget-container\">\n\t\t\t\t\t\t\t\t\t<p>Lust auf gem\u00fctliches Campingflair \u2013 aber ganz ohne eigenes Equipment? Oder suchst Du nach einer charmanten Alternative zum klassischen Ferienhaus im Bayerischen Wald? Dann bist Du hier genau richtig: Unsere urigen Schlaff\u00e4sser und die voll ausgestatteten SeasonCamper Mietwohnwagen machen Deinen Aufenthalt zu etwas ganz Besonderem. Beide Unterkunftsarten \u00a0bieten Dir alles, was Du brauchst \u2013 und nat\u00fcrlich das besondere Flair unseres Resorts: mitten in der Natur, herrlich ruhig gelegen und doch mit allem Komfort. Ob romantisches Wochenende zu zweit, Familienurlaub mit Abenteuerfaktor oder als gem\u00fctlicher Ausgangspunkt, um den Bayerischen Wald zu entdecken \u2013 hier wohnst Du genau richtig.<\/p>\t\t\t\t\t\t\t\t<\/div>\n\t\t\t\t<\/div>\n\t\t\t\t\t<\/div>\n\t\t<\/div>\n\t\t\t\t\t<\/div>\n\t\t<\/section>\n\t\t\t\t<section class=\"elementor-section elementor-top-section elementor-element elementor-element-0b3e857 elementor-section-boxed elementor-section-height-default elementor-section-height-default qodef-elementor-content-no\" data-id=\"0b3e857\" data-element_type=\"section\" data-e-type=\"section\" data-settings=\"{&quot;background_background&quot;:&quot;classic&quot;}\">\n\t\t\t\t\t\t<div class=\"elementor-container elementor-column-gap-default\">\n\t\t\t\t\t<div class=\"elementor-column elementor-col-50 elementor-top-column elementor-element elementor-element-feff065\" data-id=\"feff065\" data-element_type=\"column\" data-e-type=\"column\" data-settings=\"{&quot;background_background&quot;:&quot;classic&quot;}\">\n\t\t\t<div class=\"elementor-widget-wrap elementor-element-populated\">\n\t\t\t\t\t\t<div class=\"elementor-element elementor-element-45616bb elementor-widget elementor-widget-image\" data-id=\"45616bb\" data-element_type=\"widget\" data-e-type=\"widget\" data-widget_type=\"image.default\">\n\t\t\t\t<div class=\"elementor-widget-container\">\n\t\t\t\t\t\t\t\t\t\t\t\t\t\t\t<img fetchpriority=\"high\" decoding=\"async\" width=\"600\" height=\"600\" src=\"https:\/\/campingresort-bayerwald.de\/wp-content\/uploads\/1.7c-Camping-Resort-Bayerwald.jpg\" class=\"attachment-large size-large wp-image-22269\" alt=\"Absoluter Komfort im Schlaffass f\u00fcr 2 bis 4 Personen auf dem Campingplatz Bayerwald im Bayerischen Wald im wundersch\u00f6nen Bayern direkt an der tschechischen Grenze\" srcset=\"https:\/\/campingresort-bayerwald.de\/wp-content\/uploads\/1.7c-Camping-Resort-Bayerwald.jpg 600w, https:\/\/campingresort-bayerwald.de\/wp-content\/uploads\/1.7c-Camping-Resort-Bayerwald-300x300.jpg 300w, https:\/\/campingresort-bayerwald.de\/wp-content\/uploads\/1.7c-Camping-Resort-Bayerwald-150x150.jpg 150w, https:\/\/campingresort-bayerwald.de\/wp-content\/uploads\/1.7c-Camping-Resort-Bayerwald-12x12.jpg 12w\" sizes=\"(max-width: 600px) 100vw, 600px\" \/>\t\t\t\t\t\t\t\t\t\t\t\t\t\t\t<\/div>\n\t\t\t\t<\/div>\n\t\t\t\t<div class=\"elementor-element elementor-element-c3d3a32 elementor-widget elementor-widget-heading\" data-id=\"c3d3a32\" data-element_type=\"widget\" data-e-type=\"widget\" data-widget_type=\"heading.default\">\n\t\t\t\t<div class=\"elementor-widget-container\">\n\t\t\t\t\t<h4 class=\"elementor-heading-title elementor-size-default\">Sleeping barrels<\/h4>\t\t\t\t<\/div>\n\t\t\t\t<\/div>\n\t\t\t\t<div class=\"elementor-element elementor-element-26ce08b elementor-widget elementor-widget-text-editor\" data-id=\"26ce08b\" data-element_type=\"widget\" data-e-type=\"widget\" data-widget_type=\"text-editor.default\">\n\t\t\t\t<div class=\"elementor-widget-container\">\n\t\t\t\t\t\t\t\t\t<p>Gem\u00fctliche Ferienunterkunft aus Holz \u2013 beheizt, charmant und perfekt f\u00fcr kleine Auszeiten. Ideal f\u00fcr Familien oder als besonderes Erlebnis zu zweit.<\/p>\t\t\t\t\t\t\t\t<\/div>\n\t\t\t\t<\/div>\n\t\t\t\t<div class=\"elementor-element elementor-element-ae606be elementor-widget__width-auto elementor-widget elementor-widget-kamperen_core_button\" data-id=\"ae606be\" data-element_type=\"widget\" data-e-type=\"widget\" data-widget_type=\"kamperen_core_button.default\">\n\t\t\t\t<div class=\"elementor-widget-container\">\n\t\t\t\t\t<a class=\"qodef-shortcode qodef-m  qodef-button qodef-layout--filled  qodef-html--link\" href=\"#schlaffass\" target=\"_self\"  >\n\t<span class=\"qodef-m-text\">Zum Schlafass<\/span>\n<\/a>\n\t\t\t\t<\/div>\n\t\t\t\t<\/div>\n\t\t\t\t\t<\/div>\n\t\t<\/div>\n\t\t\t\t<div class=\"elementor-column elementor-col-50 elementor-top-column elementor-element elementor-element-0a56574\" data-id=\"0a56574\" data-element_type=\"column\" data-e-type=\"column\" data-settings=\"{&quot;background_background&quot;:&quot;classic&quot;}\">\n\t\t\t<div class=\"elementor-widget-wrap elementor-element-populated\">\n\t\t\t\t\t\t<div class=\"elementor-element elementor-element-e138d3f elementor-widget elementor-widget-image\" data-id=\"e138d3f\" data-element_type=\"widget\" data-e-type=\"widget\" data-widget_type=\"image.default\">\n\t\t\t\t<div class=\"elementor-widget-container\">\n\t\t\t\t\t\t\t\t\t\t\t\t\t\t\t<img decoding=\"async\" width=\"800\" height=\"800\" src=\"https:\/\/campingresort-bayerwald.de\/wp-content\/uploads\/1.2-Mieten-SeasonCamper-Schlafffass-Camping-Resort-Bayerwald.jpg\" class=\"attachment-large size-large wp-image-22551\" alt=\"\" srcset=\"https:\/\/campingresort-bayerwald.de\/wp-content\/uploads\/1.2-Mieten-SeasonCamper-Schlafffass-Camping-Resort-Bayerwald.jpg 800w, https:\/\/campingresort-bayerwald.de\/wp-content\/uploads\/1.2-Mieten-SeasonCamper-Schlafffass-Camping-Resort-Bayerwald-300x300.jpg 300w, https:\/\/campingresort-bayerwald.de\/wp-content\/uploads\/1.2-Mieten-SeasonCamper-Schlafffass-Camping-Resort-Bayerwald-150x150.jpg 150w, https:\/\/campingresort-bayerwald.de\/wp-content\/uploads\/1.2-Mieten-SeasonCamper-Schlafffass-Camping-Resort-Bayerwald-768x768.jpg 768w, https:\/\/campingresort-bayerwald.de\/wp-content\/uploads\/1.2-Mieten-SeasonCamper-Schlafffass-Camping-Resort-Bayerwald-12x12.jpg 12w, https:\/\/campingresort-bayerwald.de\/wp-content\/uploads\/1.2-Mieten-SeasonCamper-Schlafffass-Camping-Resort-Bayerwald-650x650.jpg 650w\" sizes=\"(max-width: 800px) 100vw, 800px\" \/>\t\t\t\t\t\t\t\t\t\t\t\t\t\t\t<\/div>\n\t\t\t\t<\/div>\n\t\t\t\t<div class=\"elementor-element elementor-element-f9f40ef elementor-widget elementor-widget-heading\" data-id=\"f9f40ef\" data-element_type=\"widget\" data-e-type=\"widget\" data-widget_type=\"heading.default\">\n\t\t\t\t<div class=\"elementor-widget-container\">\n\t\t\t\t\t<h4 class=\"elementor-heading-title elementor-size-default\">SeasonCamper<\/h4>\t\t\t\t<\/div>\n\t\t\t\t<\/div>\n\t\t\t\t<div class=\"elementor-element elementor-element-98b953e elementor-widget elementor-widget-text-editor\" data-id=\"98b953e\" data-element_type=\"widget\" data-e-type=\"widget\" data-widget_type=\"text-editor.default\">\n\t\t\t\t<div class=\"elementor-widget-container\">\n\t\t\t\t\t\t\t\t\t<p>Voll ausgestatteter Mietwohnwagen mit K\u00fcche, Sitzbereich und eigener Terrasse \u2013 einziehen, wohlf\u00fchlen und den Bayerischen Wald genie\u00dfen.<\/p>\t\t\t\t\t\t\t\t<\/div>\n\t\t\t\t<\/div>\n\t\t\t\t<div class=\"elementor-element elementor-element-0ba6a85 elementor-widget__width-auto elementor-widget elementor-widget-kamperen_core_button\" data-id=\"0ba6a85\" data-element_type=\"widget\" data-e-type=\"widget\" data-widget_type=\"kamperen_core_button.default\">\n\t\t\t\t<div class=\"elementor-widget-container\">\n\t\t\t\t\t<a class=\"qodef-shortcode qodef-m  qodef-button qodef-layout--filled  qodef-html--link\" href=\"#seasoncamper\" target=\"_self\"  >\n\t<span class=\"qodef-m-text\">Zum SeasonCamper<\/span>\n<\/a>\n\t\t\t\t<\/div>\n\t\t\t\t<\/div>\n\t\t\t\t\t<\/div>\n\t\t<\/div>\n\t\t\t\t\t<\/div>\n\t\t<\/section>\n\t\t\t\t<section class=\"elementor-section elementor-top-section elementor-element elementor-element-be04690 elementor-section-boxed elementor-section-height-default elementor-section-height-default qodef-elementor-content-no\" data-id=\"be04690\" data-element_type=\"section\" data-e-type=\"section\" data-settings=\"{&quot;background_background&quot;:&quot;classic&quot;,&quot;background_motion_fx_motion_fx_scrolling&quot;:&quot;yes&quot;,&quot;background_motion_fx_devices&quot;:[&quot;desktop&quot;,&quot;tablet&quot;,&quot;mobile&quot;]}\">\n\t\t\t\t\t\t\t<div class=\"elementor-background-overlay\"><\/div>\n\t\t\t\t\t\t\t<div class=\"elementor-container elementor-column-gap-default\">\n\t\t\t\t\t<div class=\"elementor-column elementor-col-100 elementor-top-column elementor-element elementor-element-b0f6d64\" data-id=\"b0f6d64\" data-element_type=\"column\" data-e-type=\"column\">\n\t\t\t<div class=\"elementor-widget-wrap elementor-element-populated\">\n\t\t\t\t\t\t<div class=\"elementor-element elementor-element-4fe46bd elementor-widget elementor-widget-menu-anchor\" data-id=\"4fe46bd\" data-element_type=\"widget\" data-e-type=\"widget\" data-widget_type=\"menu-anchor.default\">\n\t\t\t\t<div class=\"elementor-widget-container\">\n\t\t\t\t\t\t\t<div class=\"elementor-menu-anchor\" id=\"waschhaus\"><\/div>\n\t\t\t\t\t\t<\/div>\n\t\t\t\t<\/div>\n\t\t\t\t<div class=\"elementor-element elementor-element-5152d0b elementor-widget elementor-widget-heading\" data-id=\"5152d0b\" data-element_type=\"widget\" data-e-type=\"widget\" data-widget_type=\"heading.default\">\n\t\t\t\t<div class=\"elementor-widget-container\">\n\t\t\t\t\t<h2 class=\"elementor-heading-title elementor-size-default\">Das Sanit\u00e4rgeb\u00e4ude ist modern, stylisch und hochwertig ausgestattet.<\/h2>\t\t\t\t<\/div>\n\t\t\t\t<\/div>\n\t\t\t\t<div class=\"elementor-element elementor-element-6d71371 elementor-widget__width-auto elementor-widget elementor-widget-kamperen_core_button\" data-id=\"6d71371\" data-element_type=\"widget\" data-e-type=\"widget\" data-widget_type=\"kamperen_core_button.default\">\n\t\t\t\t<div class=\"elementor-widget-container\">\n\t\t\t\t\t<a class=\"qodef-shortcode qodef-m  qodef-button qodef-layout--filled  qodef-html--link\" href=\"#privatbad\" target=\"_self\"  >\n\t<span class=\"qodef-m-text\">Zu den Privatb\u00e4dern<\/span>\n<\/a>\n\t\t\t\t<\/div>\n\t\t\t\t<\/div>\n\t\t\t\t\t<\/div>\n\t\t<\/div>\n\t\t\t\t\t<\/div>\n\t\t<\/section>\n\t\t\t\t<section class=\"elementor-section elementor-top-section elementor-element elementor-element-04cb5ca elementor-section-boxed elementor-section-height-default elementor-section-height-default qodef-elementor-content-no\" data-id=\"04cb5ca\" data-element_type=\"section\" data-e-type=\"section\" data-settings=\"{&quot;background_background&quot;:&quot;classic&quot;}\">\n\t\t\t\t\t\t<div class=\"elementor-container elementor-column-gap-default\">\n\t\t\t\t\t<div class=\"elementor-column elementor-col-100 elementor-top-column elementor-element elementor-element-f9fcaff\" data-id=\"f9fcaff\" data-element_type=\"column\" data-e-type=\"column\">\n\t\t\t<div class=\"elementor-widget-wrap elementor-element-populated\">\n\t\t\t\t\t\t<div class=\"elementor-element elementor-element-250be67 elementor-widget elementor-widget-menu-anchor\" data-id=\"250be67\" data-element_type=\"widget\" data-e-type=\"widget\" data-widget_type=\"menu-anchor.default\">\n\t\t\t\t<div class=\"elementor-widget-container\">\n\t\t\t\t\t\t\t<div class=\"elementor-menu-anchor\" id=\"privatbad\"><\/div>\n\t\t\t\t\t\t<\/div>\n\t\t\t\t<\/div>\n\t\t\t\t<div class=\"elementor-element elementor-element-9dc17af elementor-widget elementor-widget-kamperen_core_section_title\" data-id=\"9dc17af\" data-element_type=\"widget\" data-e-type=\"widget\" data-widget_type=\"kamperen_core_section_title.default\">\n\t\t\t\t<div class=\"elementor-widget-container\">\n\t\t\t\t\t<div class=\"qodef-shortcode qodef-m  qodef-section-title qodef-alignment--center\">\n\t\t<div class=\"qodef-m-tagline-mark\" >\n\t\tWaschhaus\t<\/div>\n\t\t<h2 class=\"qodef-m-title\" >\n\t\t\t\t\tAlles f\u00fcr den komfortablen Campingurlaub\t\t\t<\/h2>\n\t<\/div>\n\t\t\t\t<\/div>\n\t\t\t\t<\/div>\n\t\t\t\t<div class=\"elementor-element elementor-element-eda8dd0 elementor-widget elementor-widget-text-editor\" data-id=\"eda8dd0\" data-element_type=\"widget\" data-e-type=\"widget\" data-widget_type=\"text-editor.default\">\n\t\t\t\t<div class=\"elementor-widget-container\">\n\t\t\t\t\t\t\t\t\t<p>Das Sanit\u00e4rgeb\u00e4ude ist modern, stylisch und technisch auf dem neuesten Stand. Mit Privatb\u00e4dern, hochwertiger Ausstattung und cleveren Details wird daraus ein echter Wohlf\u00fchlort \u2013 mitten im Gr\u00fcnen. Modern, durchdacht und rund um die Uhr ge\u00f6ffnet: Unser Sanit\u00e4rgeb\u00e4ude ist stilvoll gestaltet und mit allem ausgestattet, was Du f\u00fcr einen komfortablen Aufenthalt brauchst \u2013 gro\u00dfz\u00fcgige Duschen, barrierefreie Einrichtungen, Waschmaschine, Trockner und eine praktische Sp\u00fclstation. So musst Du beim Campingurlaub in der Natur des Bayerischen Waldes auf keinen Komfort verzichten.<\/p><p>Ein echtes Extra: Unsere vier Privatb\u00e4der mit regionalem Holz und Bayerwaldgranit. Sie sind buchbar zur exklusiven Nutzung \u2013 Du bekommst f\u00fcr die Dauer Deines Aufenthalts Deinen eigenen Schl\u00fcssel.<\/p>\t\t\t\t\t\t\t\t<\/div>\n\t\t\t\t<\/div>\n\t\t\t\t\t<\/div>\n\t\t<\/div>\n\t\t\t\t\t<\/div>\n\t\t<\/section>\n\t\t\t\t<section class=\"elementor-section elementor-top-section elementor-element elementor-element-887477b elementor-section-full_width elementor-hidden-mobile elementor-section-height-default elementor-section-height-default qodef-elementor-content-no\" data-id=\"887477b\" data-element_type=\"section\" data-e-type=\"section\" data-settings=\"{&quot;background_background&quot;:&quot;classic&quot;}\">\n\t\t\t\t\t\t<div class=\"elementor-container elementor-column-gap-default\">\n\t\t\t\t\t<div class=\"elementor-column elementor-col-16 elementor-top-column elementor-element elementor-element-a098002\" data-id=\"a098002\" data-element_type=\"column\" data-e-type=\"column\">\n\t\t\t<div class=\"elementor-widget-wrap elementor-element-populated\">\n\t\t\t\t\t\t<div class=\"elementor-element elementor-element-a5ce431 elementor-widget elementor-widget-image\" data-id=\"a5ce431\" data-element_type=\"widget\" data-e-type=\"widget\" data-widget_type=\"image.default\">\n\t\t\t\t<div class=\"elementor-widget-container\">\n\t\t\t\t\t\t\t\t\t\t\t\t\t\t\t<img decoding=\"async\" width=\"500\" height=\"500\" src=\"https:\/\/campingresort-bayerwald.de\/wp-content\/uploads\/2.6a-Camping-Resort-Bayerwald-Waschhaus.jpg\" class=\"attachment-large size-large wp-image-21674\" alt=\"Moderne Sanit\u00e4re Anlagen auf dem Campingplatz Bayerwald in Bayern - Camping in Waldkirchen - Waschbecken\" srcset=\"https:\/\/campingresort-bayerwald.de\/wp-content\/uploads\/2.6a-Camping-Resort-Bayerwald-Waschhaus.jpg 500w, https:\/\/campingresort-bayerwald.de\/wp-content\/uploads\/2.6a-Camping-Resort-Bayerwald-Waschhaus-300x300.jpg 300w, https:\/\/campingresort-bayerwald.de\/wp-content\/uploads\/2.6a-Camping-Resort-Bayerwald-Waschhaus-150x150.jpg 150w, https:\/\/campingresort-bayerwald.de\/wp-content\/uploads\/2.6a-Camping-Resort-Bayerwald-Waschhaus-12x12.jpg 12w\" sizes=\"(max-width: 500px) 100vw, 500px\" \/>\t\t\t\t\t\t\t\t\t\t\t\t\t\t\t<\/div>\n\t\t\t\t<\/div>\n\t\t\t\t\t<\/div>\n\t\t<\/div>\n\t\t\t\t<div class=\"elementor-column elementor-col-16 elementor-top-column elementor-element elementor-element-8f348b1\" data-id=\"8f348b1\" data-element_type=\"column\" data-e-type=\"column\">\n\t\t\t<div class=\"elementor-widget-wrap elementor-element-populated\">\n\t\t\t\t\t\t<div class=\"elementor-element elementor-element-0e2eb24 elementor-widget elementor-widget-image\" data-id=\"0e2eb24\" data-element_type=\"widget\" data-e-type=\"widget\" data-widget_type=\"image.default\">\n\t\t\t\t<div class=\"elementor-widget-container\">\n\t\t\t\t\t\t\t\t\t\t\t\t\t\t\t<img loading=\"lazy\" decoding=\"async\" width=\"500\" height=\"500\" src=\"https:\/\/campingresort-bayerwald.de\/wp-content\/uploads\/2.6b-Camping-Resort-Bayerwald-Waschhaus.jpg\" class=\"attachment-large size-large wp-image-21675\" alt=\"Moderne Sanit\u00e4re Anlagen auf dem Campingplatz Bayerwald in Bayern - Camping Platz in Waldkirchen - Dusche\" srcset=\"https:\/\/campingresort-bayerwald.de\/wp-content\/uploads\/2.6b-Camping-Resort-Bayerwald-Waschhaus.jpg 500w, https:\/\/campingresort-bayerwald.de\/wp-content\/uploads\/2.6b-Camping-Resort-Bayerwald-Waschhaus-300x300.jpg 300w, https:\/\/campingresort-bayerwald.de\/wp-content\/uploads\/2.6b-Camping-Resort-Bayerwald-Waschhaus-150x150.jpg 150w, https:\/\/campingresort-bayerwald.de\/wp-content\/uploads\/2.6b-Camping-Resort-Bayerwald-Waschhaus-12x12.jpg 12w\" sizes=\"(max-width: 500px) 100vw, 500px\" \/>\t\t\t\t\t\t\t\t\t\t\t\t\t\t\t<\/div>\n\t\t\t\t<\/div>\n\t\t\t\t\t<\/div>\n\t\t<\/div>\n\t\t\t\t<div class=\"elementor-column elementor-col-16 elementor-top-column elementor-element elementor-element-ea9f3ed\" data-id=\"ea9f3ed\" data-element_type=\"column\" data-e-type=\"column\">\n\t\t\t<div class=\"elementor-widget-wrap elementor-element-populated\">\n\t\t\t\t\t\t<div class=\"elementor-element elementor-element-e64d0e0 elementor-widget elementor-widget-image\" data-id=\"e64d0e0\" data-element_type=\"widget\" data-e-type=\"widget\" data-widget_type=\"image.default\">\n\t\t\t\t<div class=\"elementor-widget-container\">\n\t\t\t\t\t\t\t\t\t\t\t\t\t\t\t<img loading=\"lazy\" decoding=\"async\" width=\"500\" height=\"500\" src=\"https:\/\/campingresort-bayerwald.de\/wp-content\/uploads\/2.6c-Camping-Resort-Bayerwald-Waschhaus.jpg\" class=\"attachment-large size-large wp-image-21676\" alt=\"Moderne Sanit\u00e4re Anlagen auf dem Camping Platz Bayerwald in Bayern - Camping in Waldkirchen - Handt\u00fccher\" srcset=\"https:\/\/campingresort-bayerwald.de\/wp-content\/uploads\/2.6c-Camping-Resort-Bayerwald-Waschhaus.jpg 500w, https:\/\/campingresort-bayerwald.de\/wp-content\/uploads\/2.6c-Camping-Resort-Bayerwald-Waschhaus-300x300.jpg 300w, https:\/\/campingresort-bayerwald.de\/wp-content\/uploads\/2.6c-Camping-Resort-Bayerwald-Waschhaus-150x150.jpg 150w, https:\/\/campingresort-bayerwald.de\/wp-content\/uploads\/2.6c-Camping-Resort-Bayerwald-Waschhaus-12x12.jpg 12w\" sizes=\"(max-width: 500px) 100vw, 500px\" \/>\t\t\t\t\t\t\t\t\t\t\t\t\t\t\t<\/div>\n\t\t\t\t<\/div>\n\t\t\t\t\t<\/div>\n\t\t<\/div>\n\t\t\t\t<div class=\"elementor-column elementor-col-16 elementor-top-column elementor-element elementor-element-1c34402\" data-id=\"1c34402\" data-element_type=\"column\" data-e-type=\"column\">\n\t\t\t<div class=\"elementor-widget-wrap elementor-element-populated\">\n\t\t\t\t\t\t<div class=\"elementor-element elementor-element-aedd3aa elementor-widget elementor-widget-image\" data-id=\"aedd3aa\" data-element_type=\"widget\" data-e-type=\"widget\" data-widget_type=\"image.default\">\n\t\t\t\t<div class=\"elementor-widget-container\">\n\t\t\t\t\t\t\t\t\t\t\t\t\t\t\t<img loading=\"lazy\" decoding=\"async\" width=\"500\" height=\"500\" src=\"https:\/\/campingresort-bayerwald.de\/wp-content\/uploads\/2.6d-Camping-Resort-Bayerwald-Waschhaus.jpg\" class=\"attachment-large size-large wp-image-21677\" alt=\"Moderne Sanit\u00e4re Anlagen auf dem Campingplatz Bayerwald in Bayern - Camping in Waldkirchen - Sanit\u00e4re Anlagen\" srcset=\"https:\/\/campingresort-bayerwald.de\/wp-content\/uploads\/2.6d-Camping-Resort-Bayerwald-Waschhaus.jpg 500w, https:\/\/campingresort-bayerwald.de\/wp-content\/uploads\/2.6d-Camping-Resort-Bayerwald-Waschhaus-300x300.jpg 300w, https:\/\/campingresort-bayerwald.de\/wp-content\/uploads\/2.6d-Camping-Resort-Bayerwald-Waschhaus-150x150.jpg 150w, https:\/\/campingresort-bayerwald.de\/wp-content\/uploads\/2.6d-Camping-Resort-Bayerwald-Waschhaus-12x12.jpg 12w\" sizes=\"(max-width: 500px) 100vw, 500px\" \/>\t\t\t\t\t\t\t\t\t\t\t\t\t\t\t<\/div>\n\t\t\t\t<\/div>\n\t\t\t\t\t<\/div>\n\t\t<\/div>\n\t\t\t\t<div class=\"elementor-column elementor-col-16 elementor-top-column elementor-element elementor-element-8d48ce7\" data-id=\"8d48ce7\" data-element_type=\"column\" data-e-type=\"column\">\n\t\t\t<div class=\"elementor-widget-wrap elementor-element-populated\">\n\t\t\t\t\t\t<div class=\"elementor-element elementor-element-a1dcd70 elementor-widget elementor-widget-image\" data-id=\"a1dcd70\" data-element_type=\"widget\" data-e-type=\"widget\" data-widget_type=\"image.default\">\n\t\t\t\t<div class=\"elementor-widget-container\">\n\t\t\t\t\t\t\t\t\t\t\t\t\t\t\t<img loading=\"lazy\" decoding=\"async\" width=\"500\" height=\"500\" src=\"https:\/\/campingresort-bayerwald.de\/wp-content\/uploads\/2.6e-Camping-Resort-Bayerwald-Waschhaus.jpg\" class=\"attachment-large size-large wp-image-21678\" alt=\"Moderne Sanit\u00e4re Anlagen auf dem Camping Platz Bayerwald in Bayern - Camping im Bayerischen Wald - Waschbecken Stein\" srcset=\"https:\/\/campingresort-bayerwald.de\/wp-content\/uploads\/2.6e-Camping-Resort-Bayerwald-Waschhaus.jpg 500w, https:\/\/campingresort-bayerwald.de\/wp-content\/uploads\/2.6e-Camping-Resort-Bayerwald-Waschhaus-300x300.jpg 300w, https:\/\/campingresort-bayerwald.de\/wp-content\/uploads\/2.6e-Camping-Resort-Bayerwald-Waschhaus-150x150.jpg 150w, https:\/\/campingresort-bayerwald.de\/wp-content\/uploads\/2.6e-Camping-Resort-Bayerwald-Waschhaus-12x12.jpg 12w\" sizes=\"(max-width: 500px) 100vw, 500px\" \/>\t\t\t\t\t\t\t\t\t\t\t\t\t\t\t<\/div>\n\t\t\t\t<\/div>\n\t\t\t\t\t<\/div>\n\t\t<\/div>\n\t\t\t\t<div class=\"elementor-column elementor-col-16 elementor-top-column elementor-element elementor-element-2dc10c0\" data-id=\"2dc10c0\" data-element_type=\"column\" data-e-type=\"column\">\n\t\t\t<div class=\"elementor-widget-wrap elementor-element-populated\">\n\t\t\t\t\t\t<div class=\"elementor-element elementor-element-2d394d4 elementor-widget elementor-widget-image\" data-id=\"2d394d4\" data-element_type=\"widget\" data-e-type=\"widget\" data-widget_type=\"image.default\">\n\t\t\t\t<div class=\"elementor-widget-container\">\n\t\t\t\t\t\t\t\t\t\t\t\t\t\t\t<img loading=\"lazy\" decoding=\"async\" width=\"500\" height=\"500\" src=\"https:\/\/campingresort-bayerwald.de\/wp-content\/uploads\/2.6f-Camping-Resort-Bayerwald-Waschhaus.jpg\" class=\"attachment-large size-large wp-image-21679\" alt=\"Moderne Sanit\u00e4re Anlagen auf dem Campingplatz &amp; Camping Resort Bayerwald in Bayern - Camping im Bayerischen Wald - Sch\u00f6ne Toilette\" srcset=\"https:\/\/campingresort-bayerwald.de\/wp-content\/uploads\/2.6f-Camping-Resort-Bayerwald-Waschhaus.jpg 500w, https:\/\/campingresort-bayerwald.de\/wp-content\/uploads\/2.6f-Camping-Resort-Bayerwald-Waschhaus-300x300.jpg 300w, https:\/\/campingresort-bayerwald.de\/wp-content\/uploads\/2.6f-Camping-Resort-Bayerwald-Waschhaus-150x150.jpg 150w, https:\/\/campingresort-bayerwald.de\/wp-content\/uploads\/2.6f-Camping-Resort-Bayerwald-Waschhaus-12x12.jpg 12w\" sizes=\"(max-width: 500px) 100vw, 500px\" \/>\t\t\t\t\t\t\t\t\t\t\t\t\t\t\t<\/div>\n\t\t\t\t<\/div>\n\t\t\t\t\t<\/div>\n\t\t<\/div>\n\t\t\t\t\t<\/div>\n\t\t<\/section>\n\t\t\t\t<section class=\"elementor-section elementor-top-section elementor-element elementor-element-0e0bab7 elementor-hidden-desktop elementor-hidden-tablet elementor-section-boxed elementor-section-height-default elementor-section-height-default qodef-elementor-content-no\" data-id=\"0e0bab7\" data-element_type=\"section\" data-e-type=\"section\" data-settings=\"{&quot;background_background&quot;:&quot;classic&quot;}\">\n\t\t\t\t\t\t<div class=\"elementor-container elementor-column-gap-default\">\n\t\t\t\t\t<div class=\"elementor-column elementor-col-100 elementor-top-column elementor-element elementor-element-9dcd01a\" data-id=\"9dcd01a\" data-element_type=\"column\" data-e-type=\"column\">\n\t\t\t<div class=\"elementor-widget-wrap elementor-element-populated\">\n\t\t\t\t\t\t<div class=\"elementor-element elementor-element-18d02d1 elementor-arrows-position-inside elementor-widget elementor-widget-image-carousel\" data-id=\"18d02d1\" data-element_type=\"widget\" data-e-type=\"widget\" data-settings=\"{&quot;slides_to_show&quot;:&quot;1&quot;,&quot;navigation&quot;:&quot;arrows&quot;,&quot;autoplay&quot;:&quot;yes&quot;,&quot;pause_on_hover&quot;:&quot;yes&quot;,&quot;pause_on_interaction&quot;:&quot;yes&quot;,&quot;autoplay_speed&quot;:5000,&quot;infinite&quot;:&quot;yes&quot;,&quot;effect&quot;:&quot;slide&quot;,&quot;speed&quot;:500}\" data-widget_type=\"image-carousel.default\">\n\t\t\t\t<div class=\"elementor-widget-container\">\n\t\t\t\t\t\t\t<div class=\"elementor-image-carousel-wrapper swiper\" role=\"region\" aria-roledescription=\"carousel\" aria-label=\"Bild Karussell\" dir=\"ltr\">\n\t\t\t<div class=\"elementor-image-carousel swiper-wrapper\" aria-live=\"off\">\n\t\t\t\t\t\t\t\t<div class=\"swiper-slide\" role=\"group\" aria-roledescription=\"slide\" aria-label=\"1 von 6\"><figure class=\"swiper-slide-inner\"><img decoding=\"async\" class=\"swiper-slide-image\" src=\"https:\/\/campingresort-bayerwald.de\/wp-content\/uploads\/2.6a-Camping-Resort-Bayerwald-Waschhaus.jpg\" alt=\"Moderne Sanit\u00e4re Anlagen auf dem Campingplatz Bayerwald in Bayern - Camping in Waldkirchen - Waschbecken\" \/><\/figure><\/div><div class=\"swiper-slide\" role=\"group\" aria-roledescription=\"slide\" aria-label=\"2 von 6\"><figure class=\"swiper-slide-inner\"><img decoding=\"async\" class=\"swiper-slide-image\" src=\"https:\/\/campingresort-bayerwald.de\/wp-content\/uploads\/2.6f-Camping-Resort-Bayerwald-Waschhaus.jpg\" alt=\"Moderne Sanit\u00e4re Anlagen auf dem Campingplatz &amp; Camping Resort Bayerwald in Bayern - Camping im Bayerischen Wald - Sch\u00f6ne Toilette\" \/><\/figure><\/div><div class=\"swiper-slide\" role=\"group\" aria-roledescription=\"slide\" aria-label=\"3 von 6\"><figure class=\"swiper-slide-inner\"><img decoding=\"async\" class=\"swiper-slide-image\" src=\"https:\/\/campingresort-bayerwald.de\/wp-content\/uploads\/2.6e-Camping-Resort-Bayerwald-Waschhaus.jpg\" alt=\"Moderne Sanit\u00e4re Anlagen auf dem Camping Platz Bayerwald in Bayern - Camping im Bayerischen Wald - Waschbecken Stein\" \/><\/figure><\/div><div class=\"swiper-slide\" role=\"group\" aria-roledescription=\"slide\" aria-label=\"4 von 6\"><figure class=\"swiper-slide-inner\"><img decoding=\"async\" class=\"swiper-slide-image\" src=\"https:\/\/campingresort-bayerwald.de\/wp-content\/uploads\/2.6d-Camping-Resort-Bayerwald-Waschhaus.jpg\" alt=\"Moderne Sanit\u00e4re Anlagen auf dem Campingplatz Bayerwald in Bayern - Camping in Waldkirchen - Sanit\u00e4re Anlagen\" \/><\/figure><\/div><div class=\"swiper-slide\" role=\"group\" aria-roledescription=\"slide\" aria-label=\"5 von 6\"><figure class=\"swiper-slide-inner\"><img decoding=\"async\" class=\"swiper-slide-image\" src=\"https:\/\/campingresort-bayerwald.de\/wp-content\/uploads\/2.6c-Camping-Resort-Bayerwald-Waschhaus.jpg\" alt=\"Moderne Sanit\u00e4re Anlagen auf dem Camping Platz Bayerwald in Bayern - Camping in Waldkirchen - Handt\u00fccher\" \/><\/figure><\/div><div class=\"swiper-slide\" role=\"group\" aria-roledescription=\"slide\" aria-label=\"6 von 6\"><figure class=\"swiper-slide-inner\"><img decoding=\"async\" class=\"swiper-slide-image\" src=\"https:\/\/campingresort-bayerwald.de\/wp-content\/uploads\/2.6b-Camping-Resort-Bayerwald-Waschhaus.jpg\" alt=\"Moderne Sanit\u00e4re Anlagen auf dem Campingplatz Bayerwald in Bayern - Camping Platz in Waldkirchen - Dusche\" \/><\/figure><\/div>\t\t\t<\/div>\n\t\t\t\t\t\t\t\t\t\t\t\t<div class=\"elementor-swiper-button elementor-swiper-button-prev\" role=\"button\" tabindex=\"0\">\n\t\t\t\t\t\t<i aria-hidden=\"true\" class=\"eicon-chevron-left\"><\/i>\t\t\t\t\t<\/div>\n\t\t\t\t\t<div class=\"elementor-swiper-button elementor-swiper-button-next\" role=\"button\" tabindex=\"0\">\n\t\t\t\t\t\t<i aria-hidden=\"true\" class=\"eicon-chevron-right\"><\/i>\t\t\t\t\t<\/div>\n\t\t\t\t\n\t\t\t\t\t\t\t\t\t<\/div>\n\t\t\t\t\t\t<\/div>\n\t\t\t\t<\/div>\n\t\t\t\t\t<\/div>\n\t\t<\/div>\n\t\t\t\t\t<\/div>\n\t\t<\/section>\n\t\t\t\t<section class=\"elementor-section elementor-top-section elementor-element elementor-element-8285f08 elementor-section-boxed elementor-section-height-default elementor-section-height-default qodef-elementor-content-no\" data-id=\"8285f08\" data-element_type=\"section\" data-e-type=\"section\" data-settings=\"{&quot;background_background&quot;:&quot;classic&quot;}\">\n\t\t\t\t\t\t<div class=\"elementor-container elementor-column-gap-default\">\n\t\t\t\t\t<div class=\"elementor-column elementor-col-100 elementor-top-column elementor-element elementor-element-2361d08\" data-id=\"2361d08\" data-element_type=\"column\" data-e-type=\"column\">\n\t\t\t<div class=\"elementor-widget-wrap elementor-element-populated\">\n\t\t\t\t\t\t<div class=\"elementor-element elementor-element-b0d0b22 elementor-widget elementor-widget-menu-anchor\" data-id=\"b0d0b22\" data-element_type=\"widget\" data-e-type=\"widget\" data-widget_type=\"menu-anchor.default\">\n\t\t\t\t<div class=\"elementor-widget-container\">\n\t\t\t\t\t\t\t<div class=\"elementor-menu-anchor\" id=\"schlaffass\"><\/div>\n\t\t\t\t\t\t<\/div>\n\t\t\t\t<\/div>\n\t\t\t\t<div class=\"elementor-element elementor-element-0804293 elementor-widget elementor-widget-heading\" data-id=\"0804293\" data-element_type=\"widget\" data-e-type=\"widget\" data-widget_type=\"heading.default\">\n\t\t\t\t<div class=\"elementor-widget-container\">\n\t\t\t\t\t<h2 class=\"elementor-heading-title elementor-size-default\">Schlaffass im Camping Resort<\/h2>\t\t\t\t<\/div>\n\t\t\t\t<\/div>\n\t\t\t\t<div class=\"elementor-element elementor-element-65e09db elementor-widget elementor-widget-text-editor\" data-id=\"65e09db\" data-element_type=\"widget\" data-e-type=\"widget\" data-widget_type=\"text-editor.default\">\n\t\t\t\t<div class=\"elementor-widget-container\">\n\t\t\t\t\t\t\t\t\t<p>F\u00fcr alle, die das Flair unseres Campingplatzes einmal ganz anders erleben m\u00f6chten: Unsere urigen Schlaff\u00e4sser bieten ein gem\u00fctliches Nest f\u00fcr zwei bis vier Personen \u2013 mit komfortablen Matratzen, Sitzbank, Tisch und Stauraum. In den Premium-Schlaff\u00e4ssern sorgt zus\u00e4tzlich ein kleiner K\u00fchlschrank und Wasserkocher f\u00fcr noch mehr Bequemlichkeit. Dank Fu\u00dfboden- und Deckenheizung wird es auch in k\u00fchleren N\u00e4chten richtig kuschelig. Und auch beim komfortablen \u00dcbernachtungserlebnis musst Du nicht auf Komfort verzichten: Die modernen Sanit\u00e4ranlagen mit Privatbad-Option befinden sich ganz in der N\u00e4he. Ob Glamping-Auszeit, Familienurlaub mit Kindern, Camping mit den Enkeln oder als Unterkunft f\u00fcr Familienmitglieder ohne eigenen Camper \u2013 die Schlaff\u00e4sser sind eine wunderbare M\u00f6glichkeit, naturnah zu \u00fcbernachten und echtes Campingplatz-Flair im Bayerischen Wald zu genie\u00dfen.<\/p>\t\t\t\t\t\t\t\t<\/div>\n\t\t\t\t<\/div>\n\t\t\t\t<div class=\"elementor-element elementor-element-121910f elementor-widget__width-auto elementor-widget elementor-widget-kamperen_core_button\" data-id=\"121910f\" data-element_type=\"widget\" data-e-type=\"widget\" data-widget_type=\"kamperen_core_button.default\">\n\t\t\t\t<div class=\"elementor-widget-container\">\n\t\t\t\t\t<a class=\"qodef-shortcode qodef-m  qodef-button qodef-layout--filled  qodef-html--link\" href=\"https:\/\/booking.camping.care\/camping-resort-bayerwald\" target=\"_self\"  >\n\t<span class=\"qodef-m-text\">Schlaffass buchen<\/span>\n<\/a>\n\t\t\t\t<\/div>\n\t\t\t\t<\/div>\n\t\t\t\t\t<\/div>\n\t\t<\/div>\n\t\t\t\t\t<\/div>\n\t\t<\/section>\n\t\t\t\t<section class=\"elementor-section elementor-top-section elementor-element elementor-element-f063b0f elementor-section-full_width elementor-hidden-mobile elementor-section-height-default elementor-section-height-default qodef-elementor-content-no\" data-id=\"f063b0f\" data-element_type=\"section\" data-e-type=\"section\" data-settings=\"{&quot;background_background&quot;:&quot;classic&quot;}\">\n\t\t\t\t\t\t<div class=\"elementor-container elementor-column-gap-default\">\n\t\t\t\t\t<div class=\"elementor-column elementor-col-16 elementor-top-column elementor-element elementor-element-a1577ad\" data-id=\"a1577ad\" data-element_type=\"column\" data-e-type=\"column\">\n\t\t\t<div class=\"elementor-widget-wrap elementor-element-populated\">\n\t\t\t\t\t\t<div class=\"elementor-element elementor-element-09a540b elementor-widget elementor-widget-image\" data-id=\"09a540b\" data-element_type=\"widget\" data-e-type=\"widget\" data-widget_type=\"image.default\">\n\t\t\t\t<div class=\"elementor-widget-container\">\n\t\t\t\t\t\t\t\t\t\t\t\t\t\t\t<img loading=\"lazy\" decoding=\"async\" width=\"500\" height=\"500\" src=\"https:\/\/campingresort-bayerwald.de\/wp-content\/uploads\/2.11a-Sanitaer-Camping-Resort-Bayerwald.jpg\" class=\"attachment-large size-large wp-image-21684\" alt=\"Schlafen im Fass auf dem Campingplatz im Bayerischen Wald auf dem Camping Resort Bayerwald - Schlaffass innen\" srcset=\"https:\/\/campingresort-bayerwald.de\/wp-content\/uploads\/2.11a-Sanitaer-Camping-Resort-Bayerwald.jpg 500w, https:\/\/campingresort-bayerwald.de\/wp-content\/uploads\/2.11a-Sanitaer-Camping-Resort-Bayerwald-300x300.jpg 300w, https:\/\/campingresort-bayerwald.de\/wp-content\/uploads\/2.11a-Sanitaer-Camping-Resort-Bayerwald-150x150.jpg 150w, https:\/\/campingresort-bayerwald.de\/wp-content\/uploads\/2.11a-Sanitaer-Camping-Resort-Bayerwald-12x12.jpg 12w\" sizes=\"(max-width: 500px) 100vw, 500px\" \/>\t\t\t\t\t\t\t\t\t\t\t\t\t\t\t<\/div>\n\t\t\t\t<\/div>\n\t\t\t\t\t<\/div>\n\t\t<\/div>\n\t\t\t\t<div class=\"elementor-column elementor-col-16 elementor-top-column elementor-element elementor-element-3055e13\" data-id=\"3055e13\" data-element_type=\"column\" data-e-type=\"column\">\n\t\t\t<div class=\"elementor-widget-wrap elementor-element-populated\">\n\t\t\t\t\t\t<div class=\"elementor-element elementor-element-93ba315 elementor-widget elementor-widget-image\" data-id=\"93ba315\" data-element_type=\"widget\" data-e-type=\"widget\" data-widget_type=\"image.default\">\n\t\t\t\t<div class=\"elementor-widget-container\">\n\t\t\t\t\t\t\t\t\t\t\t\t\t\t\t<img loading=\"lazy\" decoding=\"async\" width=\"500\" height=\"500\" src=\"https:\/\/campingresort-bayerwald.de\/wp-content\/uploads\/2.11b-Sanitaer-Camping-Resort-Bayerwald.jpg\" class=\"attachment-large size-large wp-image-21685\" alt=\"Schlafen im Fass auf dem Campingplatz im Bayerischen Wald auf dem Camping Resort Bayerwald - Schlaffass au\u00dfen\" srcset=\"https:\/\/campingresort-bayerwald.de\/wp-content\/uploads\/2.11b-Sanitaer-Camping-Resort-Bayerwald.jpg 500w, https:\/\/campingresort-bayerwald.de\/wp-content\/uploads\/2.11b-Sanitaer-Camping-Resort-Bayerwald-300x300.jpg 300w, https:\/\/campingresort-bayerwald.de\/wp-content\/uploads\/2.11b-Sanitaer-Camping-Resort-Bayerwald-150x150.jpg 150w, https:\/\/campingresort-bayerwald.de\/wp-content\/uploads\/2.11b-Sanitaer-Camping-Resort-Bayerwald-12x12.jpg 12w\" sizes=\"(max-width: 500px) 100vw, 500px\" \/>\t\t\t\t\t\t\t\t\t\t\t\t\t\t\t<\/div>\n\t\t\t\t<\/div>\n\t\t\t\t\t<\/div>\n\t\t<\/div>\n\t\t\t\t<div class=\"elementor-column elementor-col-16 elementor-top-column elementor-element elementor-element-3431292\" data-id=\"3431292\" data-element_type=\"column\" data-e-type=\"column\">\n\t\t\t<div class=\"elementor-widget-wrap elementor-element-populated\">\n\t\t\t\t\t\t<div class=\"elementor-element elementor-element-c076e6c elementor-widget elementor-widget-image\" data-id=\"c076e6c\" data-element_type=\"widget\" data-e-type=\"widget\" data-widget_type=\"image.default\">\n\t\t\t\t<div class=\"elementor-widget-container\">\n\t\t\t\t\t\t\t\t\t\t\t\t\t\t\t<img loading=\"lazy\" decoding=\"async\" width=\"500\" height=\"500\" src=\"https:\/\/campingresort-bayerwald.de\/wp-content\/uploads\/2.11c-Sanitaer-Camping-Resort-Bayerwald.jpg\" class=\"attachment-large size-large wp-image-21686\" alt=\"Schlafen im Fass auf dem Campingplatz im Bayerischen Wald auf dem Camping Resort Bayerwald - Schlaffass gem\u00fctliche Betten\" srcset=\"https:\/\/campingresort-bayerwald.de\/wp-content\/uploads\/2.11c-Sanitaer-Camping-Resort-Bayerwald.jpg 500w, https:\/\/campingresort-bayerwald.de\/wp-content\/uploads\/2.11c-Sanitaer-Camping-Resort-Bayerwald-300x300.jpg 300w, https:\/\/campingresort-bayerwald.de\/wp-content\/uploads\/2.11c-Sanitaer-Camping-Resort-Bayerwald-150x150.jpg 150w, https:\/\/campingresort-bayerwald.de\/wp-content\/uploads\/2.11c-Sanitaer-Camping-Resort-Bayerwald-12x12.jpg 12w\" sizes=\"(max-width: 500px) 100vw, 500px\" \/>\t\t\t\t\t\t\t\t\t\t\t\t\t\t\t<\/div>\n\t\t\t\t<\/div>\n\t\t\t\t\t<\/div>\n\t\t<\/div>\n\t\t\t\t<div class=\"elementor-column elementor-col-16 elementor-top-column elementor-element elementor-element-e3c8102\" data-id=\"e3c8102\" data-element_type=\"column\" data-e-type=\"column\">\n\t\t\t<div class=\"elementor-widget-wrap elementor-element-populated\">\n\t\t\t\t\t\t<div class=\"elementor-element elementor-element-1e3d6c7 elementor-widget elementor-widget-image\" data-id=\"1e3d6c7\" data-element_type=\"widget\" data-e-type=\"widget\" data-widget_type=\"image.default\">\n\t\t\t\t<div class=\"elementor-widget-container\">\n\t\t\t\t\t\t\t\t\t\t\t\t\t\t\t<img loading=\"lazy\" decoding=\"async\" width=\"500\" height=\"500\" src=\"https:\/\/campingresort-bayerwald.de\/wp-content\/uploads\/2.11d-Sanitaer-Camping-Resort-Bayerwald.jpg\" class=\"attachment-large size-large wp-image-21687\" alt=\"Schlafen im Fass auf dem Campingplatz im Bayerischen Wald auf dem Camping Resort Bayerwald - Schlaffass leckere Restaurants\" srcset=\"https:\/\/campingresort-bayerwald.de\/wp-content\/uploads\/2.11d-Sanitaer-Camping-Resort-Bayerwald.jpg 500w, https:\/\/campingresort-bayerwald.de\/wp-content\/uploads\/2.11d-Sanitaer-Camping-Resort-Bayerwald-300x300.jpg 300w, https:\/\/campingresort-bayerwald.de\/wp-content\/uploads\/2.11d-Sanitaer-Camping-Resort-Bayerwald-150x150.jpg 150w, https:\/\/campingresort-bayerwald.de\/wp-content\/uploads\/2.11d-Sanitaer-Camping-Resort-Bayerwald-12x12.jpg 12w\" sizes=\"(max-width: 500px) 100vw, 500px\" \/>\t\t\t\t\t\t\t\t\t\t\t\t\t\t\t<\/div>\n\t\t\t\t<\/div>\n\t\t\t\t\t<\/div>\n\t\t<\/div>\n\t\t\t\t<div class=\"elementor-column elementor-col-16 elementor-top-column elementor-element elementor-element-1c7a6bc\" data-id=\"1c7a6bc\" data-element_type=\"column\" data-e-type=\"column\">\n\t\t\t<div class=\"elementor-widget-wrap elementor-element-populated\">\n\t\t\t\t\t\t<div class=\"elementor-element elementor-element-6b83ced elementor-widget elementor-widget-image\" data-id=\"6b83ced\" data-element_type=\"widget\" data-e-type=\"widget\" data-widget_type=\"image.default\">\n\t\t\t\t<div class=\"elementor-widget-container\">\n\t\t\t\t\t\t\t\t\t\t\t\t\t\t\t<img loading=\"lazy\" decoding=\"async\" width=\"500\" height=\"500\" src=\"https:\/\/campingresort-bayerwald.de\/wp-content\/uploads\/2.11e-Sanitaer-Camping-Resort-Bayerwald.jpg\" class=\"attachment-large size-large wp-image-21688\" alt=\"Schlafen im Fass auf dem Campingplatz im Bayerischen Wald auf dem Camping Resort Bayerwald - Sch\u00f6ne Sanit\u00e4ranlagen inklusive\" srcset=\"https:\/\/campingresort-bayerwald.de\/wp-content\/uploads\/2.11e-Sanitaer-Camping-Resort-Bayerwald.jpg 500w, https:\/\/campingresort-bayerwald.de\/wp-content\/uploads\/2.11e-Sanitaer-Camping-Resort-Bayerwald-300x300.jpg 300w, https:\/\/campingresort-bayerwald.de\/wp-content\/uploads\/2.11e-Sanitaer-Camping-Resort-Bayerwald-150x150.jpg 150w, https:\/\/campingresort-bayerwald.de\/wp-content\/uploads\/2.11e-Sanitaer-Camping-Resort-Bayerwald-12x12.jpg 12w\" sizes=\"(max-width: 500px) 100vw, 500px\" \/>\t\t\t\t\t\t\t\t\t\t\t\t\t\t\t<\/div>\n\t\t\t\t<\/div>\n\t\t\t\t\t<\/div>\n\t\t<\/div>\n\t\t\t\t<div class=\"elementor-column elementor-col-16 elementor-top-column elementor-element elementor-element-a406bba\" data-id=\"a406bba\" data-element_type=\"column\" data-e-type=\"column\">\n\t\t\t<div class=\"elementor-widget-wrap elementor-element-populated\">\n\t\t\t\t\t\t<div class=\"elementor-element elementor-element-4ac78f0 elementor-widget elementor-widget-image\" data-id=\"4ac78f0\" data-element_type=\"widget\" data-e-type=\"widget\" data-widget_type=\"image.default\">\n\t\t\t\t<div class=\"elementor-widget-container\">\n\t\t\t\t\t\t\t\t\t\t\t\t\t\t\t<img loading=\"lazy\" decoding=\"async\" width=\"500\" height=\"500\" src=\"https:\/\/campingresort-bayerwald.de\/wp-content\/uploads\/2.11f-Sanitaer-Camping-Resort-Bayerwald.jpg\" class=\"attachment-large size-large wp-image-21689\" alt=\"Schlafen im Fass auf dem Campingplatz im Bayerischen Wald auf dem Camping Resort Bayerwald - Sanit\u00e4ranlagen sind alle sehr modern und sauber\" srcset=\"https:\/\/campingresort-bayerwald.de\/wp-content\/uploads\/2.11f-Sanitaer-Camping-Resort-Bayerwald.jpg 500w, https:\/\/campingresort-bayerwald.de\/wp-content\/uploads\/2.11f-Sanitaer-Camping-Resort-Bayerwald-300x300.jpg 300w, https:\/\/campingresort-bayerwald.de\/wp-content\/uploads\/2.11f-Sanitaer-Camping-Resort-Bayerwald-150x150.jpg 150w, https:\/\/campingresort-bayerwald.de\/wp-content\/uploads\/2.11f-Sanitaer-Camping-Resort-Bayerwald-12x12.jpg 12w\" sizes=\"(max-width: 500px) 100vw, 500px\" \/>\t\t\t\t\t\t\t\t\t\t\t\t\t\t\t<\/div>\n\t\t\t\t<\/div>\n\t\t\t\t\t<\/div>\n\t\t<\/div>\n\t\t\t\t\t<\/div>\n\t\t<\/section>\n\t\t\t\t<section class=\"elementor-section elementor-top-section elementor-element elementor-element-ee478ba elementor-hidden-desktop elementor-hidden-tablet elementor-section-boxed elementor-section-height-default elementor-section-height-default qodef-elementor-content-no\" data-id=\"ee478ba\" data-element_type=\"section\" data-e-type=\"section\" data-settings=\"{&quot;background_background&quot;:&quot;classic&quot;}\">\n\t\t\t\t\t\t<div class=\"elementor-container elementor-column-gap-default\">\n\t\t\t\t\t<div class=\"elementor-column elementor-col-100 elementor-top-column elementor-element elementor-element-eedb7c8\" data-id=\"eedb7c8\" data-element_type=\"column\" data-e-type=\"column\">\n\t\t\t<div class=\"elementor-widget-wrap elementor-element-populated\">\n\t\t\t\t\t\t<div class=\"elementor-element elementor-element-3ab5447 elementor-arrows-position-inside elementor-widget elementor-widget-image-carousel\" data-id=\"3ab5447\" data-element_type=\"widget\" data-e-type=\"widget\" data-settings=\"{&quot;slides_to_show&quot;:&quot;1&quot;,&quot;navigation&quot;:&quot;arrows&quot;,&quot;autoplay&quot;:&quot;yes&quot;,&quot;pause_on_hover&quot;:&quot;yes&quot;,&quot;pause_on_interaction&quot;:&quot;yes&quot;,&quot;autoplay_speed&quot;:5000,&quot;infinite&quot;:&quot;yes&quot;,&quot;effect&quot;:&quot;slide&quot;,&quot;speed&quot;:500}\" data-widget_type=\"image-carousel.default\">\n\t\t\t\t<div class=\"elementor-widget-container\">\n\t\t\t\t\t\t\t<div class=\"elementor-image-carousel-wrapper swiper\" role=\"region\" aria-roledescription=\"carousel\" aria-label=\"Bild Karussell\" dir=\"ltr\">\n\t\t\t<div class=\"elementor-image-carousel swiper-wrapper\" aria-live=\"off\">\n\t\t\t\t\t\t\t\t<div class=\"swiper-slide\" role=\"group\" aria-roledescription=\"slide\" aria-label=\"1 von 6\"><figure class=\"swiper-slide-inner\"><img decoding=\"async\" class=\"swiper-slide-image\" src=\"https:\/\/campingresort-bayerwald.de\/wp-content\/uploads\/2.11a-Sanitaer-Camping-Resort-Bayerwald.jpg\" alt=\"Schlafen im Fass auf dem Campingplatz im Bayerischen Wald auf dem Camping Resort Bayerwald - Schlaffass innen\" \/><\/figure><\/div><div class=\"swiper-slide\" role=\"group\" aria-roledescription=\"slide\" aria-label=\"2 von 6\"><figure class=\"swiper-slide-inner\"><img decoding=\"async\" class=\"swiper-slide-image\" src=\"https:\/\/campingresort-bayerwald.de\/wp-content\/uploads\/2.11f-Sanitaer-Camping-Resort-Bayerwald.jpg\" alt=\"Schlafen im Fass auf dem Campingplatz im Bayerischen Wald auf dem Camping Resort Bayerwald - Sanit\u00e4ranlagen sind alle sehr modern und sauber\" \/><\/figure><\/div><div class=\"swiper-slide\" role=\"group\" aria-roledescription=\"slide\" aria-label=\"3 von 6\"><figure class=\"swiper-slide-inner\"><img decoding=\"async\" class=\"swiper-slide-image\" src=\"https:\/\/campingresort-bayerwald.de\/wp-content\/uploads\/2.11e-Sanitaer-Camping-Resort-Bayerwald.jpg\" alt=\"Schlafen im Fass auf dem Campingplatz im Bayerischen Wald auf dem Camping Resort Bayerwald - Sch\u00f6ne Sanit\u00e4ranlagen inklusive\" \/><\/figure><\/div><div class=\"swiper-slide\" role=\"group\" aria-roledescription=\"slide\" aria-label=\"4 von 6\"><figure class=\"swiper-slide-inner\"><img decoding=\"async\" class=\"swiper-slide-image\" src=\"https:\/\/campingresort-bayerwald.de\/wp-content\/uploads\/2.11d-Sanitaer-Camping-Resort-Bayerwald.jpg\" alt=\"Schlafen im Fass auf dem Campingplatz im Bayerischen Wald auf dem Camping Resort Bayerwald - Schlaffass leckere Restaurants\" \/><\/figure><\/div><div class=\"swiper-slide\" role=\"group\" aria-roledescription=\"slide\" aria-label=\"5 von 6\"><figure class=\"swiper-slide-inner\"><img decoding=\"async\" class=\"swiper-slide-image\" src=\"https:\/\/campingresort-bayerwald.de\/wp-content\/uploads\/2.11c-Sanitaer-Camping-Resort-Bayerwald.jpg\" alt=\"Schlafen im Fass auf dem Campingplatz im Bayerischen Wald auf dem Camping Resort Bayerwald - Schlaffass gem\u00fctliche Betten\" \/><\/figure><\/div><div class=\"swiper-slide\" role=\"group\" aria-roledescription=\"slide\" aria-label=\"6 von 6\"><figure class=\"swiper-slide-inner\"><img decoding=\"async\" class=\"swiper-slide-image\" src=\"https:\/\/campingresort-bayerwald.de\/wp-content\/uploads\/2.11b-Sanitaer-Camping-Resort-Bayerwald.jpg\" alt=\"Schlafen im Fass auf dem Campingplatz im Bayerischen Wald auf dem Camping Resort Bayerwald - Schlaffass au\u00dfen\" \/><\/figure><\/div>\t\t\t<\/div>\n\t\t\t\t\t\t\t\t\t\t\t\t<div class=\"elementor-swiper-button elementor-swiper-button-prev\" role=\"button\" tabindex=\"0\">\n\t\t\t\t\t\t<i aria-hidden=\"true\" class=\"eicon-chevron-left\"><\/i>\t\t\t\t\t<\/div>\n\t\t\t\t\t<div class=\"elementor-swiper-button elementor-swiper-button-next\" role=\"button\" tabindex=\"0\">\n\t\t\t\t\t\t<i aria-hidden=\"true\" class=\"eicon-chevron-right\"><\/i>\t\t\t\t\t<\/div>\n\t\t\t\t\n\t\t\t\t\t\t\t\t\t<\/div>\n\t\t\t\t\t\t<\/div>\n\t\t\t\t<\/div>\n\t\t\t\t\t<\/div>\n\t\t<\/div>\n\t\t\t\t\t<\/div>\n\t\t<\/section>\n\t\t\t\t<section class=\"elementor-section elementor-top-section elementor-element elementor-element-fc3614b elementor-section-boxed elementor-section-height-default elementor-section-height-default qodef-elementor-content-no\" data-id=\"fc3614b\" data-element_type=\"section\" data-e-type=\"section\" data-settings=\"{&quot;background_background&quot;:&quot;classic&quot;}\">\n\t\t\t\t\t\t<div class=\"elementor-container elementor-column-gap-default\">\n\t\t\t\t\t<div class=\"elementor-column elementor-col-10 elementor-top-column elementor-element elementor-element-5b50af2\" data-id=\"5b50af2\" data-element_type=\"column\" data-e-type=\"column\">\n\t\t\t<div class=\"elementor-widget-wrap elementor-element-populated\">\n\t\t\t\t\t\t<div class=\"elementor-element elementor-element-ea93569 elementor-view-default elementor-widget elementor-widget-icon\" data-id=\"ea93569\" data-element_type=\"widget\" data-e-type=\"widget\" data-widget_type=\"icon.default\">\n\t\t\t\t<div class=\"elementor-widget-container\">\n\t\t\t\t\t\t\t<div class=\"elementor-icon-wrapper\">\n\t\t\t<div class=\"elementor-icon\">\n\t\t\t<i aria-hidden=\"true\" class=\"fas fa-child\"><\/i>\t\t\t<\/div>\n\t\t<\/div>\n\t\t\t\t\t\t<\/div>\n\t\t\t\t<\/div>\n\t\t\t\t<div class=\"elementor-element elementor-element-b28e240 elementor-widget elementor-widget-text-editor\" data-id=\"b28e240\" data-element_type=\"widget\" data-e-type=\"widget\" data-widget_type=\"text-editor.default\">\n\t\t\t\t<div class=\"elementor-widget-container\">\n\t\t\t\t\t\t\t\t\t<p>2 &#8211; 4 Personen<\/p>\t\t\t\t\t\t\t\t<\/div>\n\t\t\t\t<\/div>\n\t\t\t\t\t<\/div>\n\t\t<\/div>\n\t\t\t\t<div class=\"elementor-column elementor-col-10 elementor-top-column elementor-element elementor-element-49f44e2\" data-id=\"49f44e2\" data-element_type=\"column\" data-e-type=\"column\">\n\t\t\t<div class=\"elementor-widget-wrap elementor-element-populated\">\n\t\t\t\t\t\t<div class=\"elementor-element elementor-element-602be93 elementor-view-default elementor-widget elementor-widget-icon\" data-id=\"602be93\" data-element_type=\"widget\" data-e-type=\"widget\" data-widget_type=\"icon.default\">\n\t\t\t\t<div class=\"elementor-widget-container\">\n\t\t\t\t\t\t\t<div class=\"elementor-icon-wrapper\">\n\t\t\t<div class=\"elementor-icon\">\n\t\t\t<i aria-hidden=\"true\" class=\"fas fa-house-user\"><\/i>\t\t\t<\/div>\n\t\t<\/div>\n\t\t\t\t\t\t<\/div>\n\t\t\t\t<\/div>\n\t\t\t\t<div class=\"elementor-element elementor-element-0fa7584 elementor-widget elementor-widget-text-editor\" data-id=\"0fa7584\" data-element_type=\"widget\" data-e-type=\"widget\" data-widget_type=\"text-editor.default\">\n\t\t\t\t<div class=\"elementor-widget-container\">\n\t\t\t\t\t\t\t\t\t<p>Wasserkocher &amp; Bettw\u00e4sche<\/p>\t\t\t\t\t\t\t\t<\/div>\n\t\t\t\t<\/div>\n\t\t\t\t\t<\/div>\n\t\t<\/div>\n\t\t\t\t<div class=\"elementor-column elementor-col-10 elementor-top-column elementor-element elementor-element-c2cc175\" data-id=\"c2cc175\" data-element_type=\"column\" data-e-type=\"column\">\n\t\t\t<div class=\"elementor-widget-wrap elementor-element-populated\">\n\t\t\t\t\t\t<div class=\"elementor-element elementor-element-3e1af5e elementor-view-default elementor-widget elementor-widget-icon\" data-id=\"3e1af5e\" data-element_type=\"widget\" data-e-type=\"widget\" data-widget_type=\"icon.default\">\n\t\t\t\t<div class=\"elementor-widget-container\">\n\t\t\t\t\t\t\t<div class=\"elementor-icon-wrapper\">\n\t\t\t<div class=\"elementor-icon\">\n\t\t\t<i aria-hidden=\"true\" class=\"fas fa-fire\"><\/i>\t\t\t<\/div>\n\t\t<\/div>\n\t\t\t\t\t\t<\/div>\n\t\t\t\t<\/div>\n\t\t\t\t<div class=\"elementor-element elementor-element-13c279d elementor-widget elementor-widget-text-editor\" data-id=\"13c279d\" data-element_type=\"widget\" data-e-type=\"widget\" data-widget_type=\"text-editor.default\">\n\t\t\t\t<div class=\"elementor-widget-container\">\n\t\t\t\t\t\t\t\t\t<p>Fu\u00dfbodenheizung<\/p>\t\t\t\t\t\t\t\t<\/div>\n\t\t\t\t<\/div>\n\t\t\t\t\t<\/div>\n\t\t<\/div>\n\t\t\t\t<div class=\"elementor-column elementor-col-10 elementor-top-column elementor-element elementor-element-6f6ad88\" data-id=\"6f6ad88\" data-element_type=\"column\" data-e-type=\"column\">\n\t\t\t<div class=\"elementor-widget-wrap elementor-element-populated\">\n\t\t\t\t\t\t<div class=\"elementor-element elementor-element-4c54e66 elementor-view-default elementor-widget elementor-widget-icon\" data-id=\"4c54e66\" data-element_type=\"widget\" data-e-type=\"widget\" data-widget_type=\"icon.default\">\n\t\t\t\t<div class=\"elementor-widget-container\">\n\t\t\t\t\t\t\t<div class=\"elementor-icon-wrapper\">\n\t\t\t<div class=\"elementor-icon\">\n\t\t\t<i aria-hidden=\"true\" class=\"far fa-snowflake\"><\/i>\t\t\t<\/div>\n\t\t<\/div>\n\t\t\t\t\t\t<\/div>\n\t\t\t\t<\/div>\n\t\t\t\t<div class=\"elementor-element elementor-element-d7dedd3 elementor-widget elementor-widget-text-editor\" data-id=\"d7dedd3\" data-element_type=\"widget\" data-e-type=\"widget\" data-widget_type=\"text-editor.default\">\n\t\t\t\t<div class=\"elementor-widget-container\">\n\t\t\t\t\t\t\t\t\t<p>K\u00fchlschrank opt. buchbar<\/p>\t\t\t\t\t\t\t\t<\/div>\n\t\t\t\t<\/div>\n\t\t\t\t\t<\/div>\n\t\t<\/div>\n\t\t\t\t<div class=\"elementor-column elementor-col-10 elementor-top-column elementor-element elementor-element-3996823\" data-id=\"3996823\" data-element_type=\"column\" data-e-type=\"column\">\n\t\t\t<div class=\"elementor-widget-wrap elementor-element-populated\">\n\t\t\t\t\t\t<div class=\"elementor-element elementor-element-1ea829e elementor-view-default elementor-widget elementor-widget-icon\" data-id=\"1ea829e\" data-element_type=\"widget\" data-e-type=\"widget\" data-widget_type=\"icon.default\">\n\t\t\t\t<div class=\"elementor-widget-container\">\n\t\t\t\t\t\t\t<div class=\"elementor-icon-wrapper\">\n\t\t\t<div class=\"elementor-icon\">\n\t\t\t<i aria-hidden=\"true\" class=\"fas fa-restroom\"><\/i>\t\t\t<\/div>\n\t\t<\/div>\n\t\t\t\t\t\t<\/div>\n\t\t\t\t<\/div>\n\t\t\t\t<div class=\"elementor-element elementor-element-1cc9107 elementor-widget elementor-widget-text-editor\" data-id=\"1cc9107\" data-element_type=\"widget\" data-e-type=\"widget\" data-widget_type=\"text-editor.default\">\n\t\t\t\t<div class=\"elementor-widget-container\">\n\t\t\t\t\t\t\t\t\t<p>Modern sanitary facilities<\/p>\t\t\t\t\t\t\t\t<\/div>\n\t\t\t\t<\/div>\n\t\t\t\t\t<\/div>\n\t\t<\/div>\n\t\t\t\t<div class=\"elementor-column elementor-col-10 elementor-top-column elementor-element elementor-element-990a5b3\" data-id=\"990a5b3\" data-element_type=\"column\" data-e-type=\"column\">\n\t\t\t<div class=\"elementor-widget-wrap elementor-element-populated\">\n\t\t\t\t\t\t<div class=\"elementor-element elementor-element-fc73e8f elementor-view-default elementor-widget elementor-widget-icon\" data-id=\"fc73e8f\" data-element_type=\"widget\" data-e-type=\"widget\" data-widget_type=\"icon.default\">\n\t\t\t\t<div class=\"elementor-widget-container\">\n\t\t\t\t\t\t\t<div class=\"elementor-icon-wrapper\">\n\t\t\t<div class=\"elementor-icon\">\n\t\t\t<i aria-hidden=\"true\" class=\"fas fa-bread-slice\"><\/i>\t\t\t<\/div>\n\t\t<\/div>\n\t\t\t\t\t\t<\/div>\n\t\t\t\t<\/div>\n\t\t\t\t<div class=\"elementor-element elementor-element-f5756f2 elementor-widget elementor-widget-text-editor\" data-id=\"f5756f2\" data-element_type=\"widget\" data-e-type=\"widget\" data-widget_type=\"text-editor.default\">\n\t\t\t\t<div class=\"elementor-widget-container\">\n\t\t\t\t\t\t\t\t\t<p>Bread service<\/p>\t\t\t\t\t\t\t\t<\/div>\n\t\t\t\t<\/div>\n\t\t\t\t\t<\/div>\n\t\t<\/div>\n\t\t\t\t<div class=\"elementor-column elementor-col-10 elementor-top-column elementor-element elementor-element-68dd7ac\" data-id=\"68dd7ac\" data-element_type=\"column\" data-e-type=\"column\">\n\t\t\t<div class=\"elementor-widget-wrap elementor-element-populated\">\n\t\t\t\t\t\t<div class=\"elementor-element elementor-element-f58568d elementor-view-default elementor-widget elementor-widget-icon\" data-id=\"f58568d\" data-element_type=\"widget\" data-e-type=\"widget\" data-widget_type=\"icon.default\">\n\t\t\t\t<div class=\"elementor-widget-container\">\n\t\t\t\t\t\t\t<div class=\"elementor-icon-wrapper\">\n\t\t\t<div class=\"elementor-icon\">\n\t\t\t<i aria-hidden=\"true\" class=\"far fa-lightbulb\"><\/i>\t\t\t<\/div>\n\t\t<\/div>\n\t\t\t\t\t\t<\/div>\n\t\t\t\t<\/div>\n\t\t\t\t<div class=\"elementor-element elementor-element-2cc39b6 elementor-widget elementor-widget-text-editor\" data-id=\"2cc39b6\" data-element_type=\"widget\" data-e-type=\"widget\" data-widget_type=\"text-editor.default\">\n\t\t\t\t<div class=\"elementor-widget-container\">\n\t\t\t\t\t\t\t\t\t<p>Electricity included<\/p>\t\t\t\t\t\t\t\t<\/div>\n\t\t\t\t<\/div>\n\t\t\t\t\t<\/div>\n\t\t<\/div>\n\t\t\t\t<div class=\"elementor-column elementor-col-10 elementor-top-column elementor-element elementor-element-8e911ea\" data-id=\"8e911ea\" data-element_type=\"column\" data-e-type=\"column\">\n\t\t\t<div class=\"elementor-widget-wrap elementor-element-populated\">\n\t\t\t\t\t\t<div class=\"elementor-element elementor-element-cbc200d elementor-view-default elementor-widget elementor-widget-icon\" data-id=\"cbc200d\" data-element_type=\"widget\" data-e-type=\"widget\" data-widget_type=\"icon.default\">\n\t\t\t\t<div class=\"elementor-widget-container\">\n\t\t\t\t\t\t\t<div class=\"elementor-icon-wrapper\">\n\t\t\t<div class=\"elementor-icon\">\n\t\t\t<i aria-hidden=\"true\" class=\"fas fa-water\"><\/i>\t\t\t<\/div>\n\t\t<\/div>\n\t\t\t\t\t\t<\/div>\n\t\t\t\t<\/div>\n\t\t\t\t<div class=\"elementor-element elementor-element-177f50a elementor-widget elementor-widget-text-editor\" data-id=\"177f50a\" data-element_type=\"widget\" data-e-type=\"widget\" data-widget_type=\"text-editor.default\">\n\t\t\t\t<div class=\"elementor-widget-container\">\n\t\t\t\t\t\t\t\t\t<p>Water and waste water included<\/p>\t\t\t\t\t\t\t\t<\/div>\n\t\t\t\t<\/div>\n\t\t\t\t\t<\/div>\n\t\t<\/div>\n\t\t\t\t<div class=\"elementor-column elementor-col-10 elementor-top-column elementor-element elementor-element-6cb5e76\" data-id=\"6cb5e76\" data-element_type=\"column\" data-e-type=\"column\">\n\t\t\t<div class=\"elementor-widget-wrap elementor-element-populated\">\n\t\t\t\t\t\t<div class=\"elementor-element elementor-element-d3328d5 elementor-view-default elementor-widget elementor-widget-icon\" data-id=\"d3328d5\" data-element_type=\"widget\" data-e-type=\"widget\" data-widget_type=\"icon.default\">\n\t\t\t\t<div class=\"elementor-widget-container\">\n\t\t\t\t\t\t\t<div class=\"elementor-icon-wrapper\">\n\t\t\t<div class=\"elementor-icon\">\n\t\t\t<i aria-hidden=\"true\" class=\"fas fa-dog\"><\/i>\t\t\t<\/div>\n\t\t<\/div>\n\t\t\t\t\t\t<\/div>\n\t\t\t\t<\/div>\n\t\t\t\t<div class=\"elementor-element elementor-element-4cc0cbe elementor-widget elementor-widget-text-editor\" data-id=\"4cc0cbe\" data-element_type=\"widget\" data-e-type=\"widget\" data-widget_type=\"text-editor.default\">\n\t\t\t\t<div class=\"elementor-widget-container\">\n\t\t\t\t\t\t\t\t\t<p>Dogs not allowed<\/p>\t\t\t\t\t\t\t\t<\/div>\n\t\t\t\t<\/div>\n\t\t\t\t\t<\/div>\n\t\t<\/div>\n\t\t\t\t<div class=\"elementor-column elementor-col-10 elementor-top-column elementor-element elementor-element-83a63e3\" data-id=\"83a63e3\" data-element_type=\"column\" data-e-type=\"column\">\n\t\t\t<div class=\"elementor-widget-wrap elementor-element-populated\">\n\t\t\t\t\t\t<div class=\"elementor-element elementor-element-18254fa elementor-view-default elementor-widget elementor-widget-icon\" data-id=\"18254fa\" data-element_type=\"widget\" data-e-type=\"widget\" data-widget_type=\"icon.default\">\n\t\t\t\t<div class=\"elementor-widget-container\">\n\t\t\t\t\t\t\t<div class=\"elementor-icon-wrapper\">\n\t\t\t<div class=\"elementor-icon\">\n\t\t\t<i aria-hidden=\"true\" class=\"fas fa-toilet\"><\/i>\t\t\t<\/div>\n\t\t<\/div>\n\t\t\t\t\t\t<\/div>\n\t\t\t\t<\/div>\n\t\t\t\t<div class=\"elementor-element elementor-element-3dd32b4 elementor-widget elementor-widget-text-editor\" data-id=\"3dd32b4\" data-element_type=\"widget\" data-e-type=\"widget\" data-widget_type=\"text-editor.default\">\n\t\t\t\t<div class=\"elementor-widget-container\">\n\t\t\t\t\t\t\t\t\t<p>Privatbad opt. buchbar<\/p>\t\t\t\t\t\t\t\t<\/div>\n\t\t\t\t<\/div>\n\t\t\t\t\t<\/div>\n\t\t<\/div>\n\t\t\t\t\t<\/div>\n\t\t<\/section>\n\t\t\t\t<section class=\"elementor-section elementor-top-section elementor-element elementor-element-9c44b16 elementor-section-boxed elementor-section-height-default elementor-section-height-default qodef-elementor-content-no\" data-id=\"9c44b16\" data-element_type=\"section\" data-e-type=\"section\" data-settings=\"{&quot;background_background&quot;:&quot;classic&quot;}\">\n\t\t\t\t\t\t<div class=\"elementor-container elementor-column-gap-default\">\n\t\t\t\t\t<div class=\"elementor-column elementor-col-100 elementor-top-column elementor-element elementor-element-be9372c\" data-id=\"be9372c\" data-element_type=\"column\" data-e-type=\"column\">\n\t\t\t<div class=\"elementor-widget-wrap elementor-element-populated\">\n\t\t\t\t\t\t<div class=\"elementor-element elementor-element-028fe04 elementor-widget__width-auto elementor-widget elementor-widget-kamperen_core_button\" data-id=\"028fe04\" data-element_type=\"widget\" data-e-type=\"widget\" data-widget_type=\"kamperen_core_button.default\">\n\t\t\t\t<div class=\"elementor-widget-container\">\n\t\t\t\t\t<a class=\"qodef-shortcode qodef-m  qodef-button qodef-layout--filled  qodef-html--link\" href=\"https:\/\/booking.camping.care\/camping-resort-bayerwald\" target=\"_self\"  >\n\t<span class=\"qodef-m-text\">Jetzt Schlaffass buchen<\/span>\n<\/a>\n\t\t\t\t<\/div>\n\t\t\t\t<\/div>\n\t\t\t\t\t<\/div>\n\t\t<\/div>\n\t\t\t\t\t<\/div>\n\t\t<\/section>\n\t\t\t\t<section class=\"elementor-section elementor-top-section elementor-element elementor-element-6d1d950 elementor-section-boxed elementor-section-height-default elementor-section-height-default qodef-elementor-content-no\" data-id=\"6d1d950\" data-element_type=\"section\" data-e-type=\"section\" data-settings=\"{&quot;background_background&quot;:&quot;classic&quot;}\">\n\t\t\t\t\t\t<div class=\"elementor-container elementor-column-gap-default\">\n\t\t\t\t\t<div class=\"elementor-column elementor-col-100 elementor-top-column elementor-element elementor-element-da7c80f\" data-id=\"da7c80f\" data-element_type=\"column\" data-e-type=\"column\">\n\t\t\t<div class=\"elementor-widget-wrap elementor-element-populated\">\n\t\t\t\t\t\t<div class=\"elementor-element elementor-element-c6dbace elementor-widget elementor-widget-menu-anchor\" data-id=\"c6dbace\" data-element_type=\"widget\" data-e-type=\"widget\" data-widget_type=\"menu-anchor.default\">\n\t\t\t\t<div class=\"elementor-widget-container\">\n\t\t\t\t\t\t\t<div class=\"elementor-menu-anchor\" id=\"seasoncamper\"><\/div>\n\t\t\t\t\t\t<\/div>\n\t\t\t\t<\/div>\n\t\t\t\t<div class=\"elementor-element elementor-element-73b40ad elementor-widget elementor-widget-heading\" data-id=\"73b40ad\" data-element_type=\"widget\" data-e-type=\"widget\" data-widget_type=\"heading.default\">\n\t\t\t\t<div class=\"elementor-widget-container\">\n\t\t\t\t\t<h2 class=\"elementor-heading-title elementor-size-default\">SeasonCamper im Camping Resort<\/h2>\t\t\t\t<\/div>\n\t\t\t\t<\/div>\n\t\t\t\t<div class=\"elementor-element elementor-element-8313126 elementor-widget elementor-widget-text-editor\" data-id=\"8313126\" data-element_type=\"widget\" data-e-type=\"widget\" data-widget_type=\"text-editor.default\">\n\t\t\t\t<div class=\"elementor-widget-container\">\n\t\t\t\t\t\t\t\t\t<p>Unser SeasonCamper steht fix und fertig aufgebaut f\u00fcr Dich bereit! Der super moderne Mietwohnwagen bietet Platz f\u00fcr bis zu vier Personen, ist komplett ausgestattet und punktet mit durchdachtem Komfort und fest aufgebautem Vorzelt. Hier erwarten Dich gem\u00fctliche Schlafpl\u00e4tze, ein Sitzbereich, Stauraum sowie eine vollwertige K\u00fcche mit Cerankochfeld und K\u00fchlschrank und Wasserkocher. Geschirr und K\u00fcchenutensilien sind nat\u00fcrlich vorhanden. Der Camper ist mit Keramiktoilette und Duschkabine bestens ausgestattet. Ob Urlaub mit Kindern, ein Wochenendtrip mit Freunden oder als Ferienhaus-Alternative f\u00fcr Angeh\u00f6rige ohne Camper \u2013 der SeasonCamper ist Deine entspannte Unterkunft mitten in der Natur. Und das Beste: Du musst nichts mitbringen au\u00dfer Vorfreude!<\/p>\t\t\t\t\t\t\t\t<\/div>\n\t\t\t\t<\/div>\n\t\t\t\t<div class=\"elementor-element elementor-element-ae34b4b elementor-widget__width-auto elementor-widget elementor-widget-kamperen_core_button\" data-id=\"ae34b4b\" data-element_type=\"widget\" data-e-type=\"widget\" data-widget_type=\"kamperen_core_button.default\">\n\t\t\t\t<div class=\"elementor-widget-container\">\n\t\t\t\t\t<a class=\"qodef-shortcode qodef-m  qodef-button qodef-layout--filled  qodef-html--link\" href=\"https:\/\/booking.camping.care\/camping-resort-bayerwald\" target=\"_self\"  >\n\t<span class=\"qodef-m-text\">SeasonCamper buchen<\/span>\n<\/a>\n\t\t\t\t<\/div>\n\t\t\t\t<\/div>\n\t\t\t\t\t<\/div>\n\t\t<\/div>\n\t\t\t\t\t<\/div>\n\t\t<\/section>\n\t\t\t\t<section class=\"elementor-section elementor-top-section elementor-element elementor-element-7851abf elementor-section-full_width elementor-hidden-mobile elementor-section-height-default elementor-section-height-default qodef-elementor-content-no\" data-id=\"7851abf\" data-element_type=\"section\" data-e-type=\"section\" data-settings=\"{&quot;background_background&quot;:&quot;classic&quot;}\">\n\t\t\t\t\t\t<div class=\"elementor-container elementor-column-gap-default\">\n\t\t\t\t\t<div class=\"elementor-column elementor-col-16 elementor-top-column elementor-element elementor-element-9bcb1fc\" data-id=\"9bcb1fc\" data-element_type=\"column\" data-e-type=\"column\">\n\t\t\t<div class=\"elementor-widget-wrap elementor-element-populated\">\n\t\t\t\t\t\t<div class=\"elementor-element elementor-element-fa3c6c3 elementor-widget elementor-widget-image\" data-id=\"fa3c6c3\" data-element_type=\"widget\" data-e-type=\"widget\" data-widget_type=\"image.default\">\n\t\t\t\t<div class=\"elementor-widget-container\">\n\t\t\t\t\t\t\t\t\t\t\t\t\t\t\t<img decoding=\"async\" width=\"800\" height=\"800\" src=\"https:\/\/campingresort-bayerwald.de\/wp-content\/uploads\/1.2-Mieten-SeasonCamper-Schlafffass-Camping-Resort-Bayerwald.jpg\" class=\"attachment-large size-large wp-image-22551\" alt=\"\" srcset=\"https:\/\/campingresort-bayerwald.de\/wp-content\/uploads\/1.2-Mieten-SeasonCamper-Schlafffass-Camping-Resort-Bayerwald.jpg 800w, https:\/\/campingresort-bayerwald.de\/wp-content\/uploads\/1.2-Mieten-SeasonCamper-Schlafffass-Camping-Resort-Bayerwald-300x300.jpg 300w, https:\/\/campingresort-bayerwald.de\/wp-content\/uploads\/1.2-Mieten-SeasonCamper-Schlafffass-Camping-Resort-Bayerwald-150x150.jpg 150w, https:\/\/campingresort-bayerwald.de\/wp-content\/uploads\/1.2-Mieten-SeasonCamper-Schlafffass-Camping-Resort-Bayerwald-768x768.jpg 768w, https:\/\/campingresort-bayerwald.de\/wp-content\/uploads\/1.2-Mieten-SeasonCamper-Schlafffass-Camping-Resort-Bayerwald-12x12.jpg 12w, https:\/\/campingresort-bayerwald.de\/wp-content\/uploads\/1.2-Mieten-SeasonCamper-Schlafffass-Camping-Resort-Bayerwald-650x650.jpg 650w\" sizes=\"(max-width: 800px) 100vw, 800px\" \/>\t\t\t\t\t\t\t\t\t\t\t\t\t\t\t<\/div>\n\t\t\t\t<\/div>\n\t\t\t\t\t<\/div>\n\t\t<\/div>\n\t\t\t\t<div class=\"elementor-column elementor-col-16 elementor-top-column elementor-element elementor-element-5c00687\" data-id=\"5c00687\" data-element_type=\"column\" data-e-type=\"column\">\n\t\t\t<div class=\"elementor-widget-wrap elementor-element-populated\">\n\t\t\t\t\t\t<div class=\"elementor-element elementor-element-e29cc88 elementor-widget elementor-widget-image\" data-id=\"e29cc88\" data-element_type=\"widget\" data-e-type=\"widget\" data-widget_type=\"image.default\">\n\t\t\t\t<div class=\"elementor-widget-container\">\n\t\t\t\t\t\t\t\t\t\t\t\t\t\t\t<img loading=\"lazy\" decoding=\"async\" width=\"600\" height=\"600\" src=\"https:\/\/campingresort-bayerwald.de\/wp-content\/uploads\/1.3a-Mieten-SeasonCamper-Schlafffass-Camping-Resort-Bayerwald.jpg\" class=\"attachment-large size-large wp-image-22552\" alt=\"\" srcset=\"https:\/\/campingresort-bayerwald.de\/wp-content\/uploads\/1.3a-Mieten-SeasonCamper-Schlafffass-Camping-Resort-Bayerwald.jpg 600w, https:\/\/campingresort-bayerwald.de\/wp-content\/uploads\/1.3a-Mieten-SeasonCamper-Schlafffass-Camping-Resort-Bayerwald-300x300.jpg 300w, https:\/\/campingresort-bayerwald.de\/wp-content\/uploads\/1.3a-Mieten-SeasonCamper-Schlafffass-Camping-Resort-Bayerwald-150x150.jpg 150w, https:\/\/campingresort-bayerwald.de\/wp-content\/uploads\/1.3a-Mieten-SeasonCamper-Schlafffass-Camping-Resort-Bayerwald-12x12.jpg 12w\" sizes=\"(max-width: 600px) 100vw, 600px\" \/>\t\t\t\t\t\t\t\t\t\t\t\t\t\t\t<\/div>\n\t\t\t\t<\/div>\n\t\t\t\t\t<\/div>\n\t\t<\/div>\n\t\t\t\t<div class=\"elementor-column elementor-col-16 elementor-top-column elementor-element elementor-element-3ef4f30\" data-id=\"3ef4f30\" data-element_type=\"column\" data-e-type=\"column\">\n\t\t\t<div class=\"elementor-widget-wrap elementor-element-populated\">\n\t\t\t\t\t\t<div class=\"elementor-element elementor-element-d389741 elementor-widget elementor-widget-image\" data-id=\"d389741\" data-element_type=\"widget\" data-e-type=\"widget\" data-widget_type=\"image.default\">\n\t\t\t\t<div class=\"elementor-widget-container\">\n\t\t\t\t\t\t\t\t\t\t\t\t\t\t\t<img loading=\"lazy\" decoding=\"async\" width=\"600\" height=\"600\" src=\"https:\/\/campingresort-bayerwald.de\/wp-content\/uploads\/1.3g-Mieten-SeasonCamper-Schlafffass-Camping-Resort-Bayerwald.jpg\" class=\"attachment-large size-large wp-image-22558\" alt=\"\" srcset=\"https:\/\/campingresort-bayerwald.de\/wp-content\/uploads\/1.3g-Mieten-SeasonCamper-Schlafffass-Camping-Resort-Bayerwald.jpg 600w, https:\/\/campingresort-bayerwald.de\/wp-content\/uploads\/1.3g-Mieten-SeasonCamper-Schlafffass-Camping-Resort-Bayerwald-300x300.jpg 300w, https:\/\/campingresort-bayerwald.de\/wp-content\/uploads\/1.3g-Mieten-SeasonCamper-Schlafffass-Camping-Resort-Bayerwald-150x150.jpg 150w, https:\/\/campingresort-bayerwald.de\/wp-content\/uploads\/1.3g-Mieten-SeasonCamper-Schlafffass-Camping-Resort-Bayerwald-12x12.jpg 12w\" sizes=\"(max-width: 600px) 100vw, 600px\" \/>\t\t\t\t\t\t\t\t\t\t\t\t\t\t\t<\/div>\n\t\t\t\t<\/div>\n\t\t\t\t\t<\/div>\n\t\t<\/div>\n\t\t\t\t<div class=\"elementor-column elementor-col-16 elementor-top-column elementor-element elementor-element-53ad977\" data-id=\"53ad977\" data-element_type=\"column\" data-e-type=\"column\">\n\t\t\t<div class=\"elementor-widget-wrap elementor-element-populated\">\n\t\t\t\t\t\t<div class=\"elementor-element elementor-element-7c2fcff elementor-widget elementor-widget-image\" data-id=\"7c2fcff\" data-element_type=\"widget\" data-e-type=\"widget\" data-widget_type=\"image.default\">\n\t\t\t\t<div class=\"elementor-widget-container\">\n\t\t\t\t\t\t\t\t\t\t\t\t\t\t\t<img loading=\"lazy\" decoding=\"async\" width=\"600\" height=\"600\" src=\"https:\/\/campingresort-bayerwald.de\/wp-content\/uploads\/1.3c-Mieten-SeasonCamper-Schlafffass-Camping-Resort-Bayerwald.jpg\" class=\"attachment-large size-large wp-image-22554\" alt=\"\" srcset=\"https:\/\/campingresort-bayerwald.de\/wp-content\/uploads\/1.3c-Mieten-SeasonCamper-Schlafffass-Camping-Resort-Bayerwald.jpg 600w, https:\/\/campingresort-bayerwald.de\/wp-content\/uploads\/1.3c-Mieten-SeasonCamper-Schlafffass-Camping-Resort-Bayerwald-300x300.jpg 300w, https:\/\/campingresort-bayerwald.de\/wp-content\/uploads\/1.3c-Mieten-SeasonCamper-Schlafffass-Camping-Resort-Bayerwald-150x150.jpg 150w, https:\/\/campingresort-bayerwald.de\/wp-content\/uploads\/1.3c-Mieten-SeasonCamper-Schlafffass-Camping-Resort-Bayerwald-12x12.jpg 12w\" sizes=\"(max-width: 600px) 100vw, 600px\" \/>\t\t\t\t\t\t\t\t\t\t\t\t\t\t\t<\/div>\n\t\t\t\t<\/div>\n\t\t\t\t\t<\/div>\n\t\t<\/div>\n\t\t\t\t<div class=\"elementor-column elementor-col-16 elementor-top-column elementor-element elementor-element-34b42a3\" data-id=\"34b42a3\" data-element_type=\"column\" data-e-type=\"column\">\n\t\t\t<div class=\"elementor-widget-wrap elementor-element-populated\">\n\t\t\t\t\t\t<div class=\"elementor-element elementor-element-02c12e9 elementor-widget elementor-widget-image\" data-id=\"02c12e9\" data-element_type=\"widget\" data-e-type=\"widget\" data-widget_type=\"image.default\">\n\t\t\t\t<div class=\"elementor-widget-container\">\n\t\t\t\t\t\t\t\t\t\t\t\t\t\t\t<img loading=\"lazy\" decoding=\"async\" width=\"600\" height=\"600\" src=\"https:\/\/campingresort-bayerwald.de\/wp-content\/uploads\/1.3e-Mieten-SeasonCamper-Schlafffass-Camping-Resort-Bayerwald.jpg\" class=\"attachment-large size-large wp-image-22556\" alt=\"\" srcset=\"https:\/\/campingresort-bayerwald.de\/wp-content\/uploads\/1.3e-Mieten-SeasonCamper-Schlafffass-Camping-Resort-Bayerwald.jpg 600w, https:\/\/campingresort-bayerwald.de\/wp-content\/uploads\/1.3e-Mieten-SeasonCamper-Schlafffass-Camping-Resort-Bayerwald-300x300.jpg 300w, https:\/\/campingresort-bayerwald.de\/wp-content\/uploads\/1.3e-Mieten-SeasonCamper-Schlafffass-Camping-Resort-Bayerwald-150x150.jpg 150w, https:\/\/campingresort-bayerwald.de\/wp-content\/uploads\/1.3e-Mieten-SeasonCamper-Schlafffass-Camping-Resort-Bayerwald-12x12.jpg 12w\" sizes=\"(max-width: 600px) 100vw, 600px\" \/>\t\t\t\t\t\t\t\t\t\t\t\t\t\t\t<\/div>\n\t\t\t\t<\/div>\n\t\t\t\t\t<\/div>\n\t\t<\/div>\n\t\t\t\t<div class=\"elementor-column elementor-col-16 elementor-top-column elementor-element elementor-element-3465160\" data-id=\"3465160\" data-element_type=\"column\" data-e-type=\"column\">\n\t\t\t<div class=\"elementor-widget-wrap elementor-element-populated\">\n\t\t\t\t\t\t<div class=\"elementor-element elementor-element-01e7146 elementor-widget elementor-widget-image\" data-id=\"01e7146\" data-element_type=\"widget\" data-e-type=\"widget\" data-widget_type=\"image.default\">\n\t\t\t\t<div class=\"elementor-widget-container\">\n\t\t\t\t\t\t\t\t\t\t\t\t\t\t\t<img loading=\"lazy\" decoding=\"async\" width=\"600\" height=\"600\" src=\"https:\/\/campingresort-bayerwald.de\/wp-content\/uploads\/1.3b-Mieten-SeasonCamper-Schlafffass-Camping-Resort-Bayerwald.jpg\" class=\"attachment-large size-large wp-image-22553\" alt=\"\" srcset=\"https:\/\/campingresort-bayerwald.de\/wp-content\/uploads\/1.3b-Mieten-SeasonCamper-Schlafffass-Camping-Resort-Bayerwald.jpg 600w, https:\/\/campingresort-bayerwald.de\/wp-content\/uploads\/1.3b-Mieten-SeasonCamper-Schlafffass-Camping-Resort-Bayerwald-300x300.jpg 300w, https:\/\/campingresort-bayerwald.de\/wp-content\/uploads\/1.3b-Mieten-SeasonCamper-Schlafffass-Camping-Resort-Bayerwald-150x150.jpg 150w, https:\/\/campingresort-bayerwald.de\/wp-content\/uploads\/1.3b-Mieten-SeasonCamper-Schlafffass-Camping-Resort-Bayerwald-12x12.jpg 12w\" sizes=\"(max-width: 600px) 100vw, 600px\" \/>\t\t\t\t\t\t\t\t\t\t\t\t\t\t\t<\/div>\n\t\t\t\t<\/div>\n\t\t\t\t\t<\/div>\n\t\t<\/div>\n\t\t\t\t\t<\/div>\n\t\t<\/section>\n\t\t\t\t<section class=\"elementor-section elementor-top-section elementor-element elementor-element-9037222 elementor-hidden-desktop elementor-hidden-tablet elementor-section-boxed elementor-section-height-default elementor-section-height-default qodef-elementor-content-no\" data-id=\"9037222\" data-element_type=\"section\" data-e-type=\"section\" data-settings=\"{&quot;background_background&quot;:&quot;classic&quot;}\">\n\t\t\t\t\t\t<div class=\"elementor-container elementor-column-gap-default\">\n\t\t\t\t\t<div class=\"elementor-column elementor-col-100 elementor-top-column elementor-element elementor-element-24bc44b\" data-id=\"24bc44b\" data-element_type=\"column\" data-e-type=\"column\">\n\t\t\t<div class=\"elementor-widget-wrap elementor-element-populated\">\n\t\t\t\t\t\t<div class=\"elementor-element elementor-element-a180c5d elementor-arrows-position-inside elementor-widget elementor-widget-image-carousel\" data-id=\"a180c5d\" data-element_type=\"widget\" data-e-type=\"widget\" data-settings=\"{&quot;slides_to_show&quot;:&quot;1&quot;,&quot;navigation&quot;:&quot;arrows&quot;,&quot;autoplay&quot;:&quot;yes&quot;,&quot;pause_on_hover&quot;:&quot;yes&quot;,&quot;pause_on_interaction&quot;:&quot;yes&quot;,&quot;autoplay_speed&quot;:5000,&quot;infinite&quot;:&quot;yes&quot;,&quot;effect&quot;:&quot;slide&quot;,&quot;speed&quot;:500}\" data-widget_type=\"image-carousel.default\">\n\t\t\t\t<div class=\"elementor-widget-container\">\n\t\t\t\t\t\t\t<div class=\"elementor-image-carousel-wrapper swiper\" role=\"region\" aria-roledescription=\"carousel\" aria-label=\"Bild Karussell\" dir=\"ltr\">\n\t\t\t<div class=\"elementor-image-carousel swiper-wrapper\" aria-live=\"off\">\n\t\t\t\t\t\t\t\t<div class=\"swiper-slide\" role=\"group\" aria-roledescription=\"slide\" aria-label=\"1 von 7\"><figure class=\"swiper-slide-inner\"><img decoding=\"async\" class=\"swiper-slide-image\" src=\"https:\/\/campingresort-bayerwald.de\/wp-content\/uploads\/1.2-Mieten-SeasonCamper-Schlafffass-Camping-Resort-Bayerwald.jpg\" alt=\"1.2-Mieten-SeasonCamper-Schlafffass-Camping-Resort-Bayerwald\" \/><\/figure><\/div><div class=\"swiper-slide\" role=\"group\" aria-roledescription=\"slide\" aria-label=\"2 von 7\"><figure class=\"swiper-slide-inner\"><img decoding=\"async\" class=\"swiper-slide-image\" src=\"https:\/\/campingresort-bayerwald.de\/wp-content\/uploads\/1.3a-Mieten-SeasonCamper-Schlafffass-Camping-Resort-Bayerwald.jpg\" alt=\"1.3a-Mieten-SeasonCamper-Schlafffass-Camping-Resort-Bayerwald\" \/><\/figure><\/div><div class=\"swiper-slide\" role=\"group\" aria-roledescription=\"slide\" aria-label=\"3 von 7\"><figure class=\"swiper-slide-inner\"><img decoding=\"async\" class=\"swiper-slide-image\" src=\"https:\/\/campingresort-bayerwald.de\/wp-content\/uploads\/1.3b-Mieten-SeasonCamper-Schlafffass-Camping-Resort-Bayerwald.jpg\" alt=\"1.3b-Mieten-SeasonCamper-Schlafffass-Camping-Resort-Bayerwald\" \/><\/figure><\/div><div class=\"swiper-slide\" role=\"group\" aria-roledescription=\"slide\" aria-label=\"4 von 7\"><figure class=\"swiper-slide-inner\"><img decoding=\"async\" class=\"swiper-slide-image\" src=\"https:\/\/campingresort-bayerwald.de\/wp-content\/uploads\/1.3c-Mieten-SeasonCamper-Schlafffass-Camping-Resort-Bayerwald.jpg\" alt=\"1.3c-Mieten-SeasonCamper-Schlafffass-Camping-Resort-Bayerwald\" \/><\/figure><\/div><div class=\"swiper-slide\" role=\"group\" aria-roledescription=\"slide\" aria-label=\"5 von 7\"><figure class=\"swiper-slide-inner\"><img decoding=\"async\" class=\"swiper-slide-image\" src=\"https:\/\/campingresort-bayerwald.de\/wp-content\/uploads\/1.3e-Mieten-SeasonCamper-Schlafffass-Camping-Resort-Bayerwald.jpg\" alt=\"1.3e-Mieten-SeasonCamper-Schlafffass-Camping-Resort-Bayerwald\" \/><\/figure><\/div><div class=\"swiper-slide\" role=\"group\" aria-roledescription=\"slide\" aria-label=\"6 von 7\"><figure class=\"swiper-slide-inner\"><img decoding=\"async\" class=\"swiper-slide-image\" src=\"https:\/\/campingresort-bayerwald.de\/wp-content\/uploads\/1.3f-Mieten-SeasonCamper-Schlafffass-Camping-Resort-Bayerwald.jpg\" alt=\"1.3f-Mieten-SeasonCamper-Schlafffass-Camping-Resort-Bayerwald\" \/><\/figure><\/div><div class=\"swiper-slide\" role=\"group\" aria-roledescription=\"slide\" aria-label=\"7 von 7\"><figure class=\"swiper-slide-inner\"><img decoding=\"async\" class=\"swiper-slide-image\" src=\"https:\/\/campingresort-bayerwald.de\/wp-content\/uploads\/1.3g-Mieten-SeasonCamper-Schlafffass-Camping-Resort-Bayerwald.jpg\" alt=\"1.3g-Mieten-SeasonCamper-Schlafffass-Camping-Resort-Bayerwald\" \/><\/figure><\/div>\t\t\t<\/div>\n\t\t\t\t\t\t\t\t\t\t\t\t<div class=\"elementor-swiper-button elementor-swiper-button-prev\" role=\"button\" tabindex=\"0\">\n\t\t\t\t\t\t<i aria-hidden=\"true\" class=\"eicon-chevron-left\"><\/i>\t\t\t\t\t<\/div>\n\t\t\t\t\t<div class=\"elementor-swiper-button elementor-swiper-button-next\" role=\"button\" tabindex=\"0\">\n\t\t\t\t\t\t<i aria-hidden=\"true\" class=\"eicon-chevron-right\"><\/i>\t\t\t\t\t<\/div>\n\t\t\t\t\n\t\t\t\t\t\t\t\t\t<\/div>\n\t\t\t\t\t\t<\/div>\n\t\t\t\t<\/div>\n\t\t\t\t\t<\/div>\n\t\t<\/div>\n\t\t\t\t\t<\/div>\n\t\t<\/section>\n\t\t\t\t<section class=\"elementor-section elementor-top-section elementor-element elementor-element-8961006 elementor-section-boxed elementor-section-height-default elementor-section-height-default qodef-elementor-content-no\" data-id=\"8961006\" data-element_type=\"section\" data-e-type=\"section\" data-settings=\"{&quot;background_background&quot;:&quot;classic&quot;}\">\n\t\t\t\t\t\t<div class=\"elementor-container elementor-column-gap-default\">\n\t\t\t\t\t<div class=\"elementor-column elementor-col-10 elementor-top-column elementor-element elementor-element-8845e4c\" data-id=\"8845e4c\" data-element_type=\"column\" data-e-type=\"column\">\n\t\t\t<div class=\"elementor-widget-wrap elementor-element-populated\">\n\t\t\t\t\t\t<div class=\"elementor-element elementor-element-58edc61 elementor-view-default elementor-widget elementor-widget-icon\" data-id=\"58edc61\" data-element_type=\"widget\" data-e-type=\"widget\" data-widget_type=\"icon.default\">\n\t\t\t\t<div class=\"elementor-widget-container\">\n\t\t\t\t\t\t\t<div class=\"elementor-icon-wrapper\">\n\t\t\t<div class=\"elementor-icon\">\n\t\t\t<i aria-hidden=\"true\" class=\"fas fa-child\"><\/i>\t\t\t<\/div>\n\t\t<\/div>\n\t\t\t\t\t\t<\/div>\n\t\t\t\t<\/div>\n\t\t\t\t<div class=\"elementor-element elementor-element-967b148 elementor-widget elementor-widget-text-editor\" data-id=\"967b148\" data-element_type=\"widget\" data-e-type=\"widget\" data-widget_type=\"text-editor.default\">\n\t\t\t\t<div class=\"elementor-widget-container\">\n\t\t\t\t\t\t\t\t\t<p>2 &#8211; 4 Personen<\/p>\t\t\t\t\t\t\t\t<\/div>\n\t\t\t\t<\/div>\n\t\t\t\t\t<\/div>\n\t\t<\/div>\n\t\t\t\t<div class=\"elementor-column elementor-col-10 elementor-top-column elementor-element elementor-element-a957e22\" data-id=\"a957e22\" data-element_type=\"column\" data-e-type=\"column\">\n\t\t\t<div class=\"elementor-widget-wrap elementor-element-populated\">\n\t\t\t\t\t\t<div class=\"elementor-element elementor-element-32f2d80 elementor-view-default elementor-widget elementor-widget-icon\" data-id=\"32f2d80\" data-element_type=\"widget\" data-e-type=\"widget\" data-widget_type=\"icon.default\">\n\t\t\t\t<div class=\"elementor-widget-container\">\n\t\t\t\t\t\t\t<div class=\"elementor-icon-wrapper\">\n\t\t\t<div class=\"elementor-icon\">\n\t\t\t<i aria-hidden=\"true\" class=\"fas fa-house-user\"><\/i>\t\t\t<\/div>\n\t\t<\/div>\n\t\t\t\t\t\t<\/div>\n\t\t\t\t<\/div>\n\t\t\t\t<div class=\"elementor-element elementor-element-d980288 elementor-widget elementor-widget-text-editor\" data-id=\"d980288\" data-element_type=\"widget\" data-e-type=\"widget\" data-widget_type=\"text-editor.default\">\n\t\t\t\t<div class=\"elementor-widget-container\">\n\t\t\t\t\t\t\t\t\t<p>Wasserkocher &amp; Bettw\u00e4sche<\/p>\t\t\t\t\t\t\t\t<\/div>\n\t\t\t\t<\/div>\n\t\t\t\t\t<\/div>\n\t\t<\/div>\n\t\t\t\t<div class=\"elementor-column elementor-col-10 elementor-top-column elementor-element elementor-element-bf75eda\" data-id=\"bf75eda\" data-element_type=\"column\" data-e-type=\"column\">\n\t\t\t<div class=\"elementor-widget-wrap elementor-element-populated\">\n\t\t\t\t\t\t<div class=\"elementor-element elementor-element-23aba62 elementor-view-default elementor-widget elementor-widget-icon\" data-id=\"23aba62\" data-element_type=\"widget\" data-e-type=\"widget\" data-widget_type=\"icon.default\">\n\t\t\t\t<div class=\"elementor-widget-container\">\n\t\t\t\t\t\t\t<div class=\"elementor-icon-wrapper\">\n\t\t\t<div class=\"elementor-icon\">\n\t\t\t<i aria-hidden=\"true\" class=\"fas fa-fire\"><\/i>\t\t\t<\/div>\n\t\t<\/div>\n\t\t\t\t\t\t<\/div>\n\t\t\t\t<\/div>\n\t\t\t\t<div class=\"elementor-element elementor-element-9d9c5a0 elementor-widget elementor-widget-text-editor\" data-id=\"9d9c5a0\" data-element_type=\"widget\" data-e-type=\"widget\" data-widget_type=\"text-editor.default\">\n\t\t\t\t<div class=\"elementor-widget-container\">\n\t\t\t\t\t\t\t\t\t<p>Beheizbar<\/p>\t\t\t\t\t\t\t\t<\/div>\n\t\t\t\t<\/div>\n\t\t\t\t\t<\/div>\n\t\t<\/div>\n\t\t\t\t<div class=\"elementor-column elementor-col-10 elementor-top-column elementor-element elementor-element-1d0597a\" data-id=\"1d0597a\" data-element_type=\"column\" data-e-type=\"column\">\n\t\t\t<div class=\"elementor-widget-wrap elementor-element-populated\">\n\t\t\t\t\t\t<div class=\"elementor-element elementor-element-cace2c8 elementor-view-default elementor-widget elementor-widget-icon\" data-id=\"cace2c8\" data-element_type=\"widget\" data-e-type=\"widget\" data-widget_type=\"icon.default\">\n\t\t\t\t<div class=\"elementor-widget-container\">\n\t\t\t\t\t\t\t<div class=\"elementor-icon-wrapper\">\n\t\t\t<div class=\"elementor-icon\">\n\t\t\t<i aria-hidden=\"true\" class=\"far fa-snowflake\"><\/i>\t\t\t<\/div>\n\t\t<\/div>\n\t\t\t\t\t\t<\/div>\n\t\t\t\t<\/div>\n\t\t\t\t<div class=\"elementor-element elementor-element-261461e elementor-widget elementor-widget-text-editor\" data-id=\"261461e\" data-element_type=\"widget\" data-e-type=\"widget\" data-widget_type=\"text-editor.default\">\n\t\t\t\t<div class=\"elementor-widget-container\">\n\t\t\t\t\t\t\t\t\t<p>K\u00fchlschrank<\/p>\t\t\t\t\t\t\t\t<\/div>\n\t\t\t\t<\/div>\n\t\t\t\t\t<\/div>\n\t\t<\/div>\n\t\t\t\t<div class=\"elementor-column elementor-col-10 elementor-top-column elementor-element elementor-element-78b76d2\" data-id=\"78b76d2\" data-element_type=\"column\" data-e-type=\"column\">\n\t\t\t<div class=\"elementor-widget-wrap elementor-element-populated\">\n\t\t\t\t\t\t<div class=\"elementor-element elementor-element-4b67482 elementor-view-default elementor-widget elementor-widget-icon\" data-id=\"4b67482\" data-element_type=\"widget\" data-e-type=\"widget\" data-widget_type=\"icon.default\">\n\t\t\t\t<div class=\"elementor-widget-container\">\n\t\t\t\t\t\t\t<div class=\"elementor-icon-wrapper\">\n\t\t\t<div class=\"elementor-icon\">\n\t\t\t<i aria-hidden=\"true\" class=\"fas fa-restroom\"><\/i>\t\t\t<\/div>\n\t\t<\/div>\n\t\t\t\t\t\t<\/div>\n\t\t\t\t<\/div>\n\t\t\t\t<div class=\"elementor-element elementor-element-3efe161 elementor-widget elementor-widget-text-editor\" data-id=\"3efe161\" data-element_type=\"widget\" data-e-type=\"widget\" data-widget_type=\"text-editor.default\">\n\t\t\t\t<div class=\"elementor-widget-container\">\n\t\t\t\t\t\t\t\t\t<p>Modern sanitary facilities<\/p>\t\t\t\t\t\t\t\t<\/div>\n\t\t\t\t<\/div>\n\t\t\t\t\t<\/div>\n\t\t<\/div>\n\t\t\t\t<div class=\"elementor-column elementor-col-10 elementor-top-column elementor-element elementor-element-90339bc\" data-id=\"90339bc\" data-element_type=\"column\" data-e-type=\"column\">\n\t\t\t<div class=\"elementor-widget-wrap elementor-element-populated\">\n\t\t\t\t\t\t<div class=\"elementor-element elementor-element-cbae98c elementor-view-default elementor-widget elementor-widget-icon\" data-id=\"cbae98c\" data-element_type=\"widget\" data-e-type=\"widget\" data-widget_type=\"icon.default\">\n\t\t\t\t<div class=\"elementor-widget-container\">\n\t\t\t\t\t\t\t<div class=\"elementor-icon-wrapper\">\n\t\t\t<div class=\"elementor-icon\">\n\t\t\t<i aria-hidden=\"true\" class=\"fas fa-bread-slice\"><\/i>\t\t\t<\/div>\n\t\t<\/div>\n\t\t\t\t\t\t<\/div>\n\t\t\t\t<\/div>\n\t\t\t\t<div class=\"elementor-element elementor-element-a463fff elementor-widget elementor-widget-text-editor\" data-id=\"a463fff\" data-element_type=\"widget\" data-e-type=\"widget\" data-widget_type=\"text-editor.default\">\n\t\t\t\t<div class=\"elementor-widget-container\">\n\t\t\t\t\t\t\t\t\t<p>Bread service<\/p>\t\t\t\t\t\t\t\t<\/div>\n\t\t\t\t<\/div>\n\t\t\t\t\t<\/div>\n\t\t<\/div>\n\t\t\t\t<div class=\"elementor-column elementor-col-10 elementor-top-column elementor-element elementor-element-119d82f\" data-id=\"119d82f\" data-element_type=\"column\" data-e-type=\"column\">\n\t\t\t<div class=\"elementor-widget-wrap elementor-element-populated\">\n\t\t\t\t\t\t<div class=\"elementor-element elementor-element-e12f2aa elementor-view-default elementor-widget elementor-widget-icon\" data-id=\"e12f2aa\" data-element_type=\"widget\" data-e-type=\"widget\" data-widget_type=\"icon.default\">\n\t\t\t\t<div class=\"elementor-widget-container\">\n\t\t\t\t\t\t\t<div class=\"elementor-icon-wrapper\">\n\t\t\t<div class=\"elementor-icon\">\n\t\t\t<i aria-hidden=\"true\" class=\"far fa-lightbulb\"><\/i>\t\t\t<\/div>\n\t\t<\/div>\n\t\t\t\t\t\t<\/div>\n\t\t\t\t<\/div>\n\t\t\t\t<div class=\"elementor-element elementor-element-6fe5673 elementor-widget elementor-widget-text-editor\" data-id=\"6fe5673\" data-element_type=\"widget\" data-e-type=\"widget\" data-widget_type=\"text-editor.default\">\n\t\t\t\t<div class=\"elementor-widget-container\">\n\t\t\t\t\t\t\t\t\t<p>Electricity included<\/p>\t\t\t\t\t\t\t\t<\/div>\n\t\t\t\t<\/div>\n\t\t\t\t\t<\/div>\n\t\t<\/div>\n\t\t\t\t<div class=\"elementor-column elementor-col-10 elementor-top-column elementor-element elementor-element-9a71a62\" data-id=\"9a71a62\" data-element_type=\"column\" data-e-type=\"column\">\n\t\t\t<div class=\"elementor-widget-wrap elementor-element-populated\">\n\t\t\t\t\t\t<div class=\"elementor-element elementor-element-ecbfea3 elementor-view-default elementor-widget elementor-widget-icon\" data-id=\"ecbfea3\" data-element_type=\"widget\" data-e-type=\"widget\" data-widget_type=\"icon.default\">\n\t\t\t\t<div class=\"elementor-widget-container\">\n\t\t\t\t\t\t\t<div class=\"elementor-icon-wrapper\">\n\t\t\t<div class=\"elementor-icon\">\n\t\t\t<i aria-hidden=\"true\" class=\"fas fa-water\"><\/i>\t\t\t<\/div>\n\t\t<\/div>\n\t\t\t\t\t\t<\/div>\n\t\t\t\t<\/div>\n\t\t\t\t<div class=\"elementor-element elementor-element-142126c elementor-widget elementor-widget-text-editor\" data-id=\"142126c\" data-element_type=\"widget\" data-e-type=\"widget\" data-widget_type=\"text-editor.default\">\n\t\t\t\t<div class=\"elementor-widget-container\">\n\t\t\t\t\t\t\t\t\t<p>Water and waste water included<\/p>\t\t\t\t\t\t\t\t<\/div>\n\t\t\t\t<\/div>\n\t\t\t\t\t<\/div>\n\t\t<\/div>\n\t\t\t\t<div class=\"elementor-column elementor-col-10 elementor-top-column elementor-element elementor-element-54ffbb5\" data-id=\"54ffbb5\" data-element_type=\"column\" data-e-type=\"column\">\n\t\t\t<div class=\"elementor-widget-wrap elementor-element-populated\">\n\t\t\t\t\t\t<div class=\"elementor-element elementor-element-daa1e93 elementor-view-default elementor-widget elementor-widget-icon\" data-id=\"daa1e93\" data-element_type=\"widget\" data-e-type=\"widget\" data-widget_type=\"icon.default\">\n\t\t\t\t<div class=\"elementor-widget-container\">\n\t\t\t\t\t\t\t<div class=\"elementor-icon-wrapper\">\n\t\t\t<div class=\"elementor-icon\">\n\t\t\t<i aria-hidden=\"true\" class=\"fas fa-dog\"><\/i>\t\t\t<\/div>\n\t\t<\/div>\n\t\t\t\t\t\t<\/div>\n\t\t\t\t<\/div>\n\t\t\t\t<div class=\"elementor-element elementor-element-8f5daa0 elementor-widget elementor-widget-text-editor\" data-id=\"8f5daa0\" data-element_type=\"widget\" data-e-type=\"widget\" data-widget_type=\"text-editor.default\">\n\t\t\t\t<div class=\"elementor-widget-container\">\n\t\t\t\t\t\t\t\t\t<p>Dogs not allowed<\/p>\t\t\t\t\t\t\t\t<\/div>\n\t\t\t\t<\/div>\n\t\t\t\t\t<\/div>\n\t\t<\/div>\n\t\t\t\t<div class=\"elementor-column elementor-col-10 elementor-top-column elementor-element elementor-element-b1150dc\" data-id=\"b1150dc\" data-element_type=\"column\" data-e-type=\"column\">\n\t\t\t<div class=\"elementor-widget-wrap elementor-element-populated\">\n\t\t\t\t\t\t<div class=\"elementor-element elementor-element-5009b2d elementor-view-default elementor-widget elementor-widget-icon\" data-id=\"5009b2d\" data-element_type=\"widget\" data-e-type=\"widget\" data-widget_type=\"icon.default\">\n\t\t\t\t<div class=\"elementor-widget-container\">\n\t\t\t\t\t\t\t<div class=\"elementor-icon-wrapper\">\n\t\t\t<div class=\"elementor-icon\">\n\t\t\t<i aria-hidden=\"true\" class=\"fas fa-toilet\"><\/i>\t\t\t<\/div>\n\t\t<\/div>\n\t\t\t\t\t\t<\/div>\n\t\t\t\t<\/div>\n\t\t\t\t<div class=\"elementor-element elementor-element-f323b42 elementor-widget elementor-widget-text-editor\" data-id=\"f323b42\" data-element_type=\"widget\" data-e-type=\"widget\" data-widget_type=\"text-editor.default\">\n\t\t\t\t<div class=\"elementor-widget-container\">\n\t\t\t\t\t\t\t\t\t<p>Privatbad opt. buchbar<\/p>\t\t\t\t\t\t\t\t<\/div>\n\t\t\t\t<\/div>\n\t\t\t\t\t<\/div>\n\t\t<\/div>\n\t\t\t\t\t<\/div>\n\t\t<\/section>\n\t\t\t\t<section class=\"elementor-section elementor-top-section elementor-element elementor-element-8f52e67 elementor-section-boxed elementor-section-height-default elementor-section-height-default qodef-elementor-content-no\" data-id=\"8f52e67\" data-element_type=\"section\" data-e-type=\"section\" data-settings=\"{&quot;background_background&quot;:&quot;classic&quot;}\">\n\t\t\t\t\t\t<div class=\"elementor-container elementor-column-gap-default\">\n\t\t\t\t\t<div class=\"elementor-column elementor-col-100 elementor-top-column elementor-element elementor-element-99ee2e9\" data-id=\"99ee2e9\" data-element_type=\"column\" data-e-type=\"column\">\n\t\t\t<div class=\"elementor-widget-wrap elementor-element-populated\">\n\t\t\t\t\t\t<div class=\"elementor-element elementor-element-567b46d elementor-widget elementor-widget-text-editor\" data-id=\"567b46d\" data-element_type=\"widget\" data-e-type=\"widget\" data-widget_type=\"text-editor.default\">\n\t\t\t\t<div class=\"elementor-widget-container\">\n\t\t\t\t\t\t\t\t\t<p><em>In den Wintermonaten von November bis M\u00e4rz k\u00f6nnen weder Au\u00dfendusche noch Outdoor-K\u00fcche gen\u00fctzt werden.<\/em><\/p>\t\t\t\t\t\t\t\t<\/div>\n\t\t\t\t<\/div>\n\t\t\t\t<div class=\"elementor-element elementor-element-327f824 elementor-widget__width-auto elementor-widget elementor-widget-kamperen_core_button\" data-id=\"327f824\" data-element_type=\"widget\" data-e-type=\"widget\" data-widget_type=\"kamperen_core_button.default\">\n\t\t\t\t<div class=\"elementor-widget-container\">\n\t\t\t\t\t<a class=\"qodef-shortcode qodef-m  qodef-button qodef-layout--filled  qodef-html--link\" href=\"https:\/\/booking.camping.care\/camping-resort-bayerwald\" target=\"_self\"  >\n\t<span class=\"qodef-m-text\">Jetzt Schlaffass buchen<\/span>\n<\/a>\n\t\t\t\t<\/div>\n\t\t\t\t<\/div>\n\t\t\t\t\t<\/div>\n\t\t<\/div>\n\t\t\t\t\t<\/div>\n\t\t<\/section>\n\t\t\t\t<section class=\"elementor-section elementor-top-section elementor-element elementor-element-ad0c6e0 elementor-section-boxed elementor-section-height-default elementor-section-height-default qodef-elementor-content-no\" data-id=\"ad0c6e0\" data-element_type=\"section\" data-e-type=\"section\" data-settings=\"{&quot;background_background&quot;:&quot;classic&quot;}\">\n\t\t\t\t\t\t\t<div class=\"elementor-background-overlay\"><\/div>\n\t\t\t\t\t\t\t<div class=\"elementor-container elementor-column-gap-default\">\n\t\t\t\t\t<div class=\"elementor-column elementor-col-100 elementor-top-column elementor-element elementor-element-aa58f08\" data-id=\"aa58f08\" data-element_type=\"column\" data-e-type=\"column\">\n\t\t\t<div class=\"elementor-widget-wrap elementor-element-populated\">\n\t\t\t\t\t\t<div class=\"elementor-element elementor-element-95f7a92 elementor-widget elementor-widget-heading\" data-id=\"95f7a92\" data-element_type=\"widget\" data-e-type=\"widget\" data-widget_type=\"heading.default\">\n\t\t\t\t<div class=\"elementor-widget-container\">\n\t\t\t\t\t<h2 class=\"elementor-heading-title elementor-size-default\">Angebote &amp; Pauschalen<\/h2>\t\t\t\t<\/div>\n\t\t\t\t<\/div>\n\t\t\t\t<div class=\"elementor-element elementor-element-5901122 elementor-widget elementor-widget-heading\" data-id=\"5901122\" data-element_type=\"widget\" data-e-type=\"widget\" data-widget_type=\"heading.default\">\n\t\t\t\t<div class=\"elementor-widget-container\">\n\t\t\t\t\t<h3 class=\"elementor-heading-title elementor-size-default\">Clever campen &amp; mehr erleben \u2013 entdecke unsere saisonalen Specials!\n<\/h3>\t\t\t\t<\/div>\n\t\t\t\t<\/div>\n\t\t\t\t<div class=\"elementor-element elementor-element-da7a8ad elementor-widget__width-auto elementor-widget elementor-widget-kamperen_core_button\" data-id=\"da7a8ad\" data-element_type=\"widget\" data-e-type=\"widget\" data-widget_type=\"kamperen_core_button.default\">\n\t\t\t\t<div class=\"elementor-widget-container\">\n\t\t\t\t\t<a class=\"qodef-shortcode qodef-m  qodef-button qodef-layout--filled  qodef-html--link\" href=\"https:\/\/booking.camping.care\/camping-resort-bayerwald\" target=\"_self\"  >\n\t<span class=\"qodef-m-text\">Angebote sichern<\/span>\n<\/a>\n\t\t\t\t<\/div>\n\t\t\t\t<\/div>\n\t\t\t\t\t<\/div>\n\t\t<\/div>\n\t\t\t\t\t<\/div>\n\t\t<\/section>\n\t\t\t\t<section class=\"elementor-section elementor-top-section elementor-element elementor-element-b1df394 elementor-section-boxed elementor-section-height-default elementor-section-height-default qodef-elementor-content-no\" data-id=\"b1df394\" data-element_type=\"section\" data-e-type=\"section\" data-settings=\"{&quot;background_background&quot;:&quot;classic&quot;}\">\n\t\t\t\t\t\t<div class=\"elementor-container elementor-column-gap-default\">\n\t\t\t\t\t<div class=\"elementor-column elementor-col-100 elementor-top-column elementor-element elementor-element-46b203b\" data-id=\"46b203b\" data-element_type=\"column\" data-e-type=\"column\">\n\t\t\t<div class=\"elementor-widget-wrap elementor-element-populated\">\n\t\t\t\t\t\t<div class=\"elementor-element elementor-element-c674c7f elementor-widget elementor-widget-menu-anchor\" data-id=\"c674c7f\" data-element_type=\"widget\" data-e-type=\"widget\" data-widget_type=\"menu-anchor.default\">\n\t\t\t\t<div class=\"elementor-widget-container\">\n\t\t\t\t\t\t\t<div class=\"elementor-menu-anchor\" id=\"lageplan\"><\/div>\n\t\t\t\t\t\t<\/div>\n\t\t\t\t<\/div>\n\t\t\t\t<div class=\"elementor-element elementor-element-e7af86a elementor-widget elementor-widget-image\" data-id=\"e7af86a\" data-element_type=\"widget\" data-e-type=\"widget\" data-widget_type=\"image.default\">\n\t\t\t\t<div class=\"elementor-widget-container\">\n\t\t\t\t\t\t\t\t\t\t\t\t\t\t\t\t<a href=\"https:\/\/campingresort-bayerwald.de\/wp-content\/uploads\/lageplan-mitZahlen_07.jpg\" data-elementor-open-lightbox=\"yes\" data-elementor-lightbox-title=\"lageplan-mitZahlen_07\" data-e-action-hash=\"#elementor-action%3Aaction%3Dlightbox%26settings%3DeyJpZCI6MjI0NzEsInVybCI6Imh0dHBzOlwvXC9jYW1waW5ncmVzb3J0LWJheWVyd2FsZC5kZVwvd3AtY29udGVudFwvdXBsb2Fkc1wvbGFnZXBsYW4tbWl0WmFobGVuXzA3LmpwZyJ9\">\n\t\t\t\t\t\t\t<img loading=\"lazy\" decoding=\"async\" width=\"1024\" height=\"724\" src=\"https:\/\/campingresort-bayerwald.de\/wp-content\/uploads\/lageplan-mitZahlen_07-1024x724.jpg\" class=\"attachment-large size-large wp-image-22471\" alt=\"\" srcset=\"https:\/\/campingresort-bayerwald.de\/wp-content\/uploads\/lageplan-mitZahlen_07-1024x724.jpg 1024w, https:\/\/campingresort-bayerwald.de\/wp-content\/uploads\/lageplan-mitZahlen_07-300x212.jpg 300w, https:\/\/campingresort-bayerwald.de\/wp-content\/uploads\/lageplan-mitZahlen_07-768x543.jpg 768w, https:\/\/campingresort-bayerwald.de\/wp-content\/uploads\/lageplan-mitZahlen_07-1536x1086.jpg 1536w, https:\/\/campingresort-bayerwald.de\/wp-content\/uploads\/lageplan-mitZahlen_07-18x12.jpg 18w, https:\/\/campingresort-bayerwald.de\/wp-content\/uploads\/lageplan-mitZahlen_07-1320x934.jpg 1320w, https:\/\/campingresort-bayerwald.de\/wp-content\/uploads\/lageplan-mitZahlen_07.jpg 1684w\" sizes=\"(max-width: 1024px) 100vw, 1024px\" \/>\t\t\t\t\t\t\t\t<\/a>\n\t\t\t\t\t\t\t\t\t\t\t\t\t\t\t<\/div>\n\t\t\t\t<\/div>\n\t\t\t\t<div class=\"elementor-element elementor-element-7154e65 elementor-hidden-desktop elementor-hidden-tablet elementor-hidden-mobile elementor-widget elementor-widget-html\" data-id=\"7154e65\" data-element_type=\"widget\" data-e-type=\"widget\" data-widget_type=\"html.default\">\n\t\t\t\t<div class=\"elementor-widget-container\">\n\t\t\t\t\t<booking-engine \nadministration=\"camping-resort-bayerwald\"\nwidget=\"map\"\n><\/booking-engine>\n\n<script type=\"module\" crossorigin src=\"https:\/\/widgets.booking.camping.care\/assets\/plugin.js\"><\/script>\t\t\t\t<\/div>\n\t\t\t\t<\/div>\n\t\t\t\t<div class=\"elementor-element elementor-element-5d6323f elementor-widget__width-auto elementor-widget elementor-widget-kamperen_core_button\" data-id=\"5d6323f\" data-element_type=\"widget\" data-e-type=\"widget\" data-widget_type=\"kamperen_core_button.default\">\n\t\t\t\t<div class=\"elementor-widget-container\">\n\t\t\t\t\t<a class=\"qodef-shortcode qodef-m  qodef-button qodef-layout--filled  qodef-html--link\" href=\"https:\/\/campingresort-bayerwald.de\/wp-content\/uploads\/Lageplan-2025.pdf\" target=\"_blank\"  >\n\t<span class=\"qodef-m-text\">Lageplan downloaden<\/span>\n<\/a>\n\t\t\t\t<\/div>\n\t\t\t\t<\/div>\n\t\t\t\t\t<\/div>\n\t\t<\/div>\n\t\t\t\t\t<\/div>\n\t\t<\/section>\n\t\t\t\t<section class=\"elementor-section elementor-top-section elementor-element elementor-element-6aecc6e elementor-section-boxed elementor-section-height-default elementor-section-height-default qodef-elementor-content-no\" data-id=\"6aecc6e\" data-element_type=\"section\" data-e-type=\"section\" data-settings=\"{&quot;background_background&quot;:&quot;classic&quot;}\">\n\t\t\t\t\t\t<div class=\"elementor-container elementor-column-gap-default\">\n\t\t\t\t\t<div class=\"elementor-column elementor-col-100 elementor-top-column elementor-element elementor-element-18e4706\" data-id=\"18e4706\" data-element_type=\"column\" data-e-type=\"column\">\n\t\t\t<div class=\"elementor-widget-wrap elementor-element-populated\">\n\t\t\t\t\t\t<div class=\"elementor-element elementor-element-10ff839 elementor-widget elementor-widget-menu-anchor\" data-id=\"10ff839\" data-element_type=\"widget\" data-e-type=\"widget\" data-widget_type=\"menu-anchor.default\">\n\t\t\t\t<div class=\"elementor-widget-container\">\n\t\t\t\t\t\t\t<div class=\"elementor-menu-anchor\" id=\"ausstattung\"><\/div>\n\t\t\t\t\t\t<\/div>\n\t\t\t\t<\/div>\n\t\t\t\t<div class=\"elementor-element elementor-element-b7ba2b8 elementor-widget elementor-widget-heading\" data-id=\"b7ba2b8\" data-element_type=\"widget\" data-e-type=\"widget\" data-widget_type=\"heading.default\">\n\t\t\t\t<div class=\"elementor-widget-container\">\n\t\t\t\t\t<h2 class=\"elementor-heading-title elementor-size-default\">H\u00e4ufig gestellte Fragen zu Schlaff\u00e4ssern &amp; SeasonCampern im Bayerischen Wald<\/h2>\t\t\t\t<\/div>\n\t\t\t\t<\/div>\n\t\t\t\t<div class=\"elementor-element elementor-element-9b5cf06 align-at-right uael-faq-box-layout-yes elementor-widget elementor-widget-uael-faq\" data-id=\"9b5cf06\" data-element_type=\"widget\" data-e-type=\"widget\" data-widget_type=\"uael-faq.default\">\n\t\t\t\t<div class=\"elementor-widget-container\">\n\t\t\t\t\t\n\t\t\t<div id='uael-faq-wrapper-162' class=\"uael-faq-wrapper\">\n\t\t\t\t<div class=\"uael-faq-container uael-faq-layout-accordion\" data-layout=\"accordion\" >\n\t\t\t\t\t\t\t\t\t\t\t\t<div id=\"uael-accordion-5f23fcf\" class=\"uael-faq-accordion\" role=\"tablist\">\n\t\t\t\t\t\t\t\t<div class= \"uael-accordion-title\" aria-expanded=\"false\" role=\"tab\">\n\t\t\t\t\t\t\t\t\t<span class=\"uael-accordion-icon uael-accordion-icon-right\">\n\t\t\t\t\t\t\t\t\t\t<span class=\"uael-accordion-icon-closed\"><i class=\"fas fa-chevron-down\"><\/i><\/span>\n\t\t\t\t\t\t\t\t\t\t<span class=\"uael-accordion-icon-opened\"><i class=\"fas fa-chevron-up\"><\/i><\/span>\n\t\t\t\t\t\t\t\t\t<\/span>\n\t\t\t\t\t\t\t\t\t<h4 class=\"uael-question-5f23fcf uael-question-span\" tabindex=\"0\" id=\"uael-faq-1-69f04fc44d7b0\">Kann ich direkt am Schlaffass oder SeasonCamper parken?<\/h4>\n\t\t\t\t\t\t\t\t<\/div>\n\t\t\t\t\t\t\t\t<div class=\"uael-accordion-content\" role=\"tabpanel\">\n\t\t\t\t\t\t\t\t\t<span>\n\t\t\t\t\t\t\t\t\t<span><p>Ja, ein Parkplatz befindet sich direkt bei der Unterkunft.<\/p><\/span>\t\t\t\t\t\t\t\t\t<\/span>\n\t\t\t\t\t\t\t\t<\/div>\n\t\t\t\t\t\t\t<\/div>\n\t\t\t\t\t\t\t\t\t\t\t\t\t\t<div id=\"uael-accordion-430c22a\" class=\"uael-faq-accordion\" role=\"tablist\">\n\t\t\t\t\t\t\t\t<div class= \"uael-accordion-title\" aria-expanded=\"false\" role=\"tab\">\n\t\t\t\t\t\t\t\t\t<span class=\"uael-accordion-icon uael-accordion-icon-right\">\n\t\t\t\t\t\t\t\t\t\t<span class=\"uael-accordion-icon-closed\"><i class=\"fas fa-chevron-down\"><\/i><\/span>\n\t\t\t\t\t\t\t\t\t\t<span class=\"uael-accordion-icon-opened\"><i class=\"fas fa-chevron-up\"><\/i><\/span>\n\t\t\t\t\t\t\t\t\t<\/span>\n\t\t\t\t\t\t\t\t\t<h4 class=\"uael-question-430c22a uael-question-span\" tabindex=\"0\" id=\"uael-faq-2-69f04fc44d807\">Gibt es WLAN &amp; weitere Services vor Ort?<\/h4>\n\t\t\t\t\t\t\t\t<\/div>\n\t\t\t\t\t\t\t\t<div class=\"uael-accordion-content\" role=\"tabpanel\">\n\t\t\t\t\t\t\t\t\t<span>\n\t\t\t\t\t\t\t\t\t<span><p>Auch im Urlaub darf\u2019s unkompliziert sein: Auf dem gesamten Platz steht Dir WLAN zur Verf\u00fcgung \u2013 ideal f\u00fcr den Wettercheck oder die Routenplanung f\u00fcr den n\u00e4chsten Tag. In der Rezeption bekommst Du freundliche Beratung, Gasflaschen zum Tausch, Getr\u00e4nke und Ausflugstipps aus erster Hand. <a href=\"https:\/\/campingresort-bayerwald.de\/en\/info\/#service\"><span style=\"text-decoration: underline;\">Frische Br\u00f6tchen am Morgen?<\/span><\/a> Einfach und ohne Vorbestellung im Restaurant abholen.<\/p><\/span>\t\t\t\t\t\t\t\t\t<\/span>\n\t\t\t\t\t\t\t\t<\/div>\n\t\t\t\t\t\t\t<\/div>\n\t\t\t\t\t\t\t\t\t\t\t\t\t\t<div id=\"uael-accordion-c9d6d9d\" class=\"uael-faq-accordion\" role=\"tablist\">\n\t\t\t\t\t\t\t\t<div class= \"uael-accordion-title\" aria-expanded=\"false\" role=\"tab\">\n\t\t\t\t\t\t\t\t\t<span class=\"uael-accordion-icon uael-accordion-icon-right\">\n\t\t\t\t\t\t\t\t\t\t<span class=\"uael-accordion-icon-closed\"><i class=\"fas fa-chevron-down\"><\/i><\/span>\n\t\t\t\t\t\t\t\t\t\t<span class=\"uael-accordion-icon-opened\"><i class=\"fas fa-chevron-up\"><\/i><\/span>\n\t\t\t\t\t\t\t\t\t<\/span>\n\t\t\t\t\t\t\t\t\t<h4 class=\"uael-question-c9d6d9d uael-question-span\" tabindex=\"0\" id=\"uael-faq-3-69f04fc44d838\">Sind die Unterk\u00fcnfte beheizbar?<\/h4>\n\t\t\t\t\t\t\t\t<\/div>\n\t\t\t\t\t\t\t\t<div class=\"uael-accordion-content\" role=\"tabpanel\">\n\t\t\t\t\t\t\t\t\t<span>\n\t\t\t\t\t\t\t\t\t<span><p>Ja, sowohl die Schlaff\u00e4sser als auch die SeasonCamper sind beheizt. Damit steht auch einem Aufenthalt in der k\u00fchleren Jahreszeit nichts im Weg. Das Campingresort hat ganzj\u00e4hrig ge\u00f6ffnet.<\/p><\/span>\t\t\t\t\t\t\t\t\t<\/span>\n\t\t\t\t\t\t\t\t<\/div>\n\t\t\t\t\t\t\t<\/div>\n\t\t\t\t\t\t\t\t\t\t\t\t\t\t<div id=\"uael-accordion-70a8c3b\" class=\"uael-faq-accordion\" role=\"tablist\">\n\t\t\t\t\t\t\t\t<div class= \"uael-accordion-title\" aria-expanded=\"false\" role=\"tab\">\n\t\t\t\t\t\t\t\t\t<span class=\"uael-accordion-icon uael-accordion-icon-right\">\n\t\t\t\t\t\t\t\t\t\t<span class=\"uael-accordion-icon-closed\"><i class=\"fas fa-chevron-down\"><\/i><\/span>\n\t\t\t\t\t\t\t\t\t\t<span class=\"uael-accordion-icon-opened\"><i class=\"fas fa-chevron-up\"><\/i><\/span>\n\t\t\t\t\t\t\t\t\t<\/span>\n\t\t\t\t\t\t\t\t\t<h4 class=\"uael-question-70a8c3b uael-question-span\" tabindex=\"0\" id=\"uael-faq-4-69f04fc44d862\">Gibt es Strom, Licht und Steckdosen?<\/h4>\n\t\t\t\t\t\t\t\t<\/div>\n\t\t\t\t\t\t\t\t<div class=\"uael-accordion-content\" role=\"tabpanel\">\n\t\t\t\t\t\t\t\t\t<span>\n\t\t\t\t\t\t\t\t\t<span><p>Ja, alle Unterk\u00fcnfte sind mit Stromanschluss, Beleuchtung und Steckdosen ausgestattet.<\/p><\/span>\t\t\t\t\t\t\t\t\t<\/span>\n\t\t\t\t\t\t\t\t<\/div>\n\t\t\t\t\t\t\t<\/div>\n\t\t\t\t\t\t\t\t\t\t\t\t\t\t<div id=\"uael-accordion-01e9677\" class=\"uael-faq-accordion\" role=\"tablist\">\n\t\t\t\t\t\t\t\t<div class= \"uael-accordion-title\" aria-expanded=\"false\" role=\"tab\">\n\t\t\t\t\t\t\t\t\t<span class=\"uael-accordion-icon uael-accordion-icon-right\">\n\t\t\t\t\t\t\t\t\t\t<span class=\"uael-accordion-icon-closed\"><i class=\"fas fa-chevron-down\"><\/i><\/span>\n\t\t\t\t\t\t\t\t\t\t<span class=\"uael-accordion-icon-opened\"><i class=\"fas fa-chevron-up\"><\/i><\/span>\n\t\t\t\t\t\t\t\t\t<\/span>\n\t\t\t\t\t\t\t\t\t<h4 class=\"uael-question-01e9677 uael-question-span\" tabindex=\"0\" id=\"uael-faq-5-69f04fc44d88c\">Wo befindet sich das n\u00e4chste Bad?<\/h4>\n\t\t\t\t\t\t\t\t<\/div>\n\t\t\t\t\t\t\t\t<div class=\"uael-accordion-content\" role=\"tabpanel\">\n\t\t\t\t\t\t\t\t\t<span>\n\t\t\t\t\t\t\t\t\t<span><p>Die modernen Sanit\u00e4ranlagen liegen ganz in der N\u00e4he. Alternativ kannst Du gegen Aufpreis eines unserer exklusiven Privatb\u00e4der dazubuchen.<\/p><\/span>\t\t\t\t\t\t\t\t\t<\/span>\n\t\t\t\t\t\t\t\t<\/div>\n\t\t\t\t\t\t\t<\/div>\n\t\t\t\t\t\t\t\t\t\t\t\t\t\t<div id=\"uael-accordion-624d782\" class=\"uael-faq-accordion\" role=\"tablist\">\n\t\t\t\t\t\t\t\t<div class= \"uael-accordion-title\" aria-expanded=\"false\" role=\"tab\">\n\t\t\t\t\t\t\t\t\t<span class=\"uael-accordion-icon uael-accordion-icon-right\">\n\t\t\t\t\t\t\t\t\t\t<span class=\"uael-accordion-icon-closed\"><i class=\"fas fa-chevron-down\"><\/i><\/span>\n\t\t\t\t\t\t\t\t\t\t<span class=\"uael-accordion-icon-opened\"><i class=\"fas fa-chevron-up\"><\/i><\/span>\n\t\t\t\t\t\t\t\t\t<\/span>\n\t\t\t\t\t\t\t\t\t<h4 class=\"uael-question-624d782 uael-question-span\" tabindex=\"0\" id=\"uael-faq-6-69f04fc44d8b8\">Gibt es eine K\u00fcche oder Kochgelegenheit?<\/h4>\n\t\t\t\t\t\t\t\t<\/div>\n\t\t\t\t\t\t\t\t<div class=\"uael-accordion-content\" role=\"tabpanel\">\n\t\t\t\t\t\t\t\t\t<span>\n\t\t\t\t\t\t\t\t\t<span><p>Die SeasonCamper verf\u00fcgen \u00fcber eine voll ausgestattete K\u00fcche. In den Schlaff\u00e4ssern gibt es \u2013 je nach Variante \u2013 einen K\u00fchlschrank und Wasserkocher.<\/p><\/span>\t\t\t\t\t\t\t\t\t<\/span>\n\t\t\t\t\t\t\t\t<\/div>\n\t\t\t\t\t\t\t<\/div>\n\t\t\t\t\t\t\t\t\t\t\t\t\t\t<div id=\"uael-accordion-e69ca30\" class=\"uael-faq-accordion\" role=\"tablist\">\n\t\t\t\t\t\t\t\t<div class= \"uael-accordion-title\" aria-expanded=\"false\" role=\"tab\">\n\t\t\t\t\t\t\t\t\t<span class=\"uael-accordion-icon uael-accordion-icon-right\">\n\t\t\t\t\t\t\t\t\t\t<span class=\"uael-accordion-icon-closed\"><i class=\"fas fa-chevron-down\"><\/i><\/span>\n\t\t\t\t\t\t\t\t\t\t<span class=\"uael-accordion-icon-opened\"><i class=\"fas fa-chevron-up\"><\/i><\/span>\n\t\t\t\t\t\t\t\t\t<\/span>\n\t\t\t\t\t\t\t\t\t<h4 class=\"uael-question-e69ca30 uael-question-span\" tabindex=\"0\" id=\"uael-faq-7-69f04fc44d8e1\">Sind Haustiere erlaubt?<\/h4>\n\t\t\t\t\t\t\t\t<\/div>\n\t\t\t\t\t\t\t\t<div class=\"uael-accordion-content\" role=\"tabpanel\">\n\t\t\t\t\t\t\t\t\t<span>\n\t\t\t\t\t\t\t\t\t<span><p>Hunde sind auf dem Gel\u00e4nde erlaubt, in den Unterk\u00fcnften und im Waschhaus aber verboten.<\/p><\/span>\t\t\t\t\t\t\t\t\t<\/span>\n\t\t\t\t\t\t\t\t<\/div>\n\t\t\t\t\t\t\t<\/div>\n\t\t\t\t\t\t\t\t\t\t\t<\/div>\n\t\t\t<\/div>\n\t\t\t\t\t\t\t<\/div>\n\t\t\t\t<\/div>\n\t\t\t\t\t<\/div>\n\t\t<\/div>\n\t\t\t\t\t<\/div>\n\t\t<\/section>\n\t\t\t\t<section class=\"elementor-section elementor-top-section elementor-element elementor-element-8047aea elementor-section-boxed elementor-section-height-default elementor-section-height-default qodef-elementor-content-no\" data-id=\"8047aea\" data-element_type=\"section\" data-e-type=\"section\" data-settings=\"{&quot;background_background&quot;:&quot;classic&quot;}\">\n\t\t\t\t\t\t<div class=\"elementor-container elementor-column-gap-default\">\n\t\t\t\t\t<div class=\"elementor-column elementor-col-33 elementor-top-column elementor-element elementor-element-00171ad\" data-id=\"00171ad\" data-element_type=\"column\" data-e-type=\"column\">\n\t\t\t<div class=\"elementor-widget-wrap elementor-element-populated\">\n\t\t\t\t\t\t<div class=\"elementor-element elementor-element-f49908e elementor-flip-box--direction-left elementor-flip-box--effect-flip elementor-widget elementor-widget-flip-box\" data-id=\"f49908e\" data-element_type=\"widget\" data-e-type=\"widget\" data-widget_type=\"flip-box.default\">\n\t\t\t\t<div class=\"elementor-widget-container\">\n\t\t\t\t\t\t\t<div class=\"elementor-flip-box\" tabindex=\"0\">\n\t\t\t<div class=\"elementor-flip-box__layer elementor-flip-box__front\">\n\t\t\t\t<div class=\"elementor-flip-box__layer__overlay\">\n\t\t\t\t\t<div class=\"elementor-flip-box__layer__inner\">\n\t\t\t\t\t\t\t\t\t\t\t\t\t<div class=\"elementor-icon-wrapper elementor-view-default\">\n\t\t\t\t\t\t\t\t<div class=\"elementor-icon\">\n\t\t\t\t\t\t\t\t\t\t\t\t\t\t\t\t\t<\/div>\n\t\t\t\t\t\t\t<\/div>\n\t\t\t\t\t\t\n\t\t\t\t\t\t\t\t\t\t\t\t\t<h3 class=\"elementor-flip-box__layer__title\">\n\t\t\t\t\t\t\t\tStreichelzoo &amp; Spielplatz\t\t\t\t\t\t\t<\/h3>\n\t\t\t\t\t\t\n\t\t\t\t\t\t\t\t\t\t\t<\/div>\n\t\t\t\t<\/div>\n\t\t\t<\/div>\n\t\t\t<div class=\"elementor-flip-box__layer elementor-flip-box__back\">\n\t\t\t<div class=\"elementor-flip-box__layer__overlay\">\n\t\t\t\t<div class=\"elementor-flip-box__layer__inner\">\n\t\t\t\t\t\t\t\t\t\t\t<h3 class=\"elementor-flip-box__layer__title\">\n\t\t\t\t\t\t\tStreichelzoo &amp; Spielplatz\t\t\t\t\t\t<\/h3>\n\t\t\t\t\t\n\t\t\t\t\t\t\t\t\t\t\t<div class=\"elementor-flip-box__layer__description\">\n\t\t\t\t\t\t\tZiegen, H\u00fchner und Mini-Shettys \u2013 direkt neben Abenteuerspielplatz und Biergarten \u2013 sorgen f\u00fcr echte Begeisterung bei kleinen G\u00e4sten.\t\t\t\t\t\t<\/div>\n\t\t\t\t\t\n\t\t\t\t\t\t\t\t<\/div>\n\t\t<\/div>\n\t\t<\/div>\n\t\t<\/div>\n\t\t\t\t\t\t<\/div>\n\t\t\t\t<\/div>\n\t\t\t\t\t<\/div>\n\t\t<\/div>\n\t\t\t\t<div class=\"elementor-column elementor-col-33 elementor-top-column elementor-element elementor-element-9f17565\" data-id=\"9f17565\" data-element_type=\"column\" data-e-type=\"column\">\n\t\t\t<div class=\"elementor-widget-wrap elementor-element-populated\">\n\t\t\t\t\t\t<div class=\"elementor-element elementor-element-d7261c1 elementor-flip-box--direction-left elementor-flip-box--effect-flip elementor-widget elementor-widget-flip-box\" data-id=\"d7261c1\" data-element_type=\"widget\" data-e-type=\"widget\" data-widget_type=\"flip-box.default\">\n\t\t\t\t<div class=\"elementor-widget-container\">\n\t\t\t\t\t\t\t<div class=\"elementor-flip-box\" tabindex=\"0\">\n\t\t\t<div class=\"elementor-flip-box__layer elementor-flip-box__front\">\n\t\t\t\t<div class=\"elementor-flip-box__layer__overlay\">\n\t\t\t\t\t<div class=\"elementor-flip-box__layer__inner\">\n\t\t\t\t\t\t\t\t\t\t\t\t\t<div class=\"elementor-icon-wrapper elementor-view-default\">\n\t\t\t\t\t\t\t\t<div class=\"elementor-icon\">\n\t\t\t\t\t\t\t\t\t\t\t\t\t\t\t\t\t<\/div>\n\t\t\t\t\t\t\t<\/div>\n\t\t\t\t\t\t\n\t\t\t\t\t\t\t\t\t\t\t\t\t<h3 class=\"elementor-flip-box__layer__title\">\n\t\t\t\t\t\t\t\tWandern &amp; Entdecken\t\t\t\t\t\t\t<\/h3>\n\t\t\t\t\t\t\n\t\t\t\t\t\t\t\t\t\t\t<\/div>\n\t\t\t\t<\/div>\n\t\t\t<\/div>\n\t\t\t<div class=\"elementor-flip-box__layer elementor-flip-box__back\">\n\t\t\t<div class=\"elementor-flip-box__layer__overlay\">\n\t\t\t\t<div class=\"elementor-flip-box__layer__inner\">\n\t\t\t\t\t\t\t\t\t\t\t<h3 class=\"elementor-flip-box__layer__title\">\n\t\t\t\t\t\t\tWandern &amp; Entdecken\t\t\t\t\t\t<\/h3>\n\t\t\t\t\t\n\t\t\t\t\t\t\t\t\t\t\t<div class=\"elementor-flip-box__layer__description\">\n\t\t\t\t\t\t\tWaldwege und Naturpfade starten direkt am Campingplatz. Perfekt f\u00fcr kleine und gro\u00dfe Erkundungstouren durch den Bayerischen Wald.\t\t\t\t\t\t<\/div>\n\t\t\t\t\t\n\t\t\t\t\t\t\t\t<\/div>\n\t\t<\/div>\n\t\t<\/div>\n\t\t<\/div>\n\t\t\t\t\t\t<\/div>\n\t\t\t\t<\/div>\n\t\t\t\t\t<\/div>\n\t\t<\/div>\n\t\t\t\t<div class=\"elementor-column elementor-col-33 elementor-top-column elementor-element elementor-element-744befb\" data-id=\"744befb\" data-element_type=\"column\" data-e-type=\"column\">\n\t\t\t<div class=\"elementor-widget-wrap elementor-element-populated\">\n\t\t\t\t\t\t<div class=\"elementor-element elementor-element-4ab53a8 elementor-flip-box--direction-left elementor-flip-box--effect-flip elementor-widget elementor-widget-flip-box\" data-id=\"4ab53a8\" data-element_type=\"widget\" data-e-type=\"widget\" data-widget_type=\"flip-box.default\">\n\t\t\t\t<div class=\"elementor-widget-container\">\n\t\t\t\t\t\t\t<div class=\"elementor-flip-box\" tabindex=\"0\">\n\t\t\t<div class=\"elementor-flip-box__layer elementor-flip-box__front\">\n\t\t\t\t<div class=\"elementor-flip-box__layer__overlay\">\n\t\t\t\t\t<div class=\"elementor-flip-box__layer__inner\">\n\t\t\t\t\t\t\t\t\t\t\t\t\t<div class=\"elementor-icon-wrapper elementor-view-default\">\n\t\t\t\t\t\t\t\t<div class=\"elementor-icon\">\n\t\t\t\t\t\t\t\t\t\t\t\t\t\t\t\t\t<\/div>\n\t\t\t\t\t\t\t<\/div>\n\t\t\t\t\t\t\n\t\t\t\t\t\t\t\t\t\t\t\t\t<h3 class=\"elementor-flip-box__layer__title\">\n\t\t\t\t\t\t\t\tRadeln &amp; Natur erleben\t\t\t\t\t\t\t<\/h3>\n\t\t\t\t\t\t\n\t\t\t\t\t\t\t\t\t\t\t<\/div>\n\t\t\t\t<\/div>\n\t\t\t<\/div>\n\t\t\t<div class=\"elementor-flip-box__layer elementor-flip-box__back\">\n\t\t\t<div class=\"elementor-flip-box__layer__overlay\">\n\t\t\t\t<div class=\"elementor-flip-box__layer__inner\">\n\t\t\t\t\t\t\t\t\t\t\t<h3 class=\"elementor-flip-box__layer__title\">\n\t\t\t\t\t\t\tRadeln &amp; Natur erleben\t\t\t\t\t\t<\/h3>\n\t\t\t\t\t\n\t\t\t\t\t\t\t\t\t\t\t<div class=\"elementor-flip-box__layer__description\">\n\t\t\t\t\t\t\tVom Campingplatz aus geht\u2019s los zu gem\u00fctlichen oder sportlichen Radtouren durch Wald, Wiesen und Natur \u2013 ganz nach Lust und Kondition.\t\t\t\t\t\t<\/div>\n\t\t\t\t\t\n\t\t\t\t\t\t\t\t<\/div>\n\t\t<\/div>\n\t\t<\/div>\n\t\t<\/div>\n\t\t\t\t\t\t<\/div>\n\t\t\t\t<\/div>\n\t\t\t\t\t<\/div>\n\t\t<\/div>\n\t\t\t\t\t<\/div>\n\t\t<\/section>\n\t\t\t\t<section class=\"elementor-section elementor-top-section elementor-element elementor-element-acdf489 elementor-section-boxed elementor-section-height-default elementor-section-height-default qodef-elementor-content-no\" data-id=\"acdf489\" data-element_type=\"section\" data-e-type=\"section\" data-settings=\"{&quot;background_background&quot;:&quot;classic&quot;}\">\n\t\t\t\t\t\t<div class=\"elementor-container elementor-column-gap-default\">\n\t\t\t\t\t<div class=\"elementor-column elementor-col-100 elementor-top-column elementor-element elementor-element-bd10516\" data-id=\"bd10516\" data-element_type=\"column\" data-e-type=\"column\">\n\t\t\t<div class=\"elementor-widget-wrap elementor-element-populated\">\n\t\t\t\t\t\t<div class=\"elementor-element elementor-element-56606b4 elementor-widget__width-auto elementor-widget elementor-widget-kamperen_core_button\" data-id=\"56606b4\" data-element_type=\"widget\" data-e-type=\"widget\" data-widget_type=\"kamperen_core_button.default\">\n\t\t\t\t<div class=\"elementor-widget-container\">\n\t\t\t\t\t<a class=\"qodef-shortcode qodef-m  qodef-button qodef-layout--filled  qodef-html--link\" href=\"https:\/\/campingresort-bayerwald.de\/en\/erleben\/\" target=\"_self\"  >\n\t<span class=\"qodef-m-text\">Erlebnisse entdecken<\/span>\n<\/a>\n\t\t\t\t<\/div>\n\t\t\t\t<\/div>\n\t\t\t\t\t<\/div>\n\t\t<\/div>\n\t\t\t\t\t<\/div>\n\t\t<\/section>\n\t\t\t\t<\/div>","protected":false},"excerpt":{"rendered":"<p>Nat\u00fcrlich. Gem\u00fctlich. Einfach mieten. \u00dcBERNACHTEN IM SCHLAFFASS ODER MIETCAMPER Unterkunft buchen KOMFORT CAMP Schlaff\u00e4sser &amp; SeasonCamper. Lust auf gem\u00fctliches Campingflair \u2013 aber ganz ohne eigenes Equipment? Oder suchst Du nach einer charmanten Alternative zum klassischen Ferienhaus im Bayerischen Wald? Dann bist Du hier genau richtig: Unsere urigen Schlaff\u00e4sser und die voll ausgestatteten SeasonCamper Mietwohnwagen machen [&hellip;]<\/p>","protected":false},"author":11,"featured_media":22268,"parent":0,"menu_order":0,"comment_status":"closed","ping_status":"closed","template":"page-full-width.php","meta":{"_mo_disable_npp":"","footnotes":""},"class_list":["post-22526","page","type-page","status-publish","has-post-thumbnail","hentry"],"yoast_head":"<!-- This site is optimized with the Yoast SEO plugin v26.8 - https:\/\/yoast.com\/product\/yoast-seo-wordpress\/ -->\n<title>Schlafen im Fass oder Wohnwagen mieten im Camping Resort Bayerwald<\/title>\n<meta name=\"description\" content=\"Schlafe im Fass oder miete dir einen Wohnwagen im Camping Resort Bayerwald. Sehr hochwertige Sanit\u00e4ranlagen und wundersch\u00f6ner Campingplatz.\" \/>\n<meta name=\"robots\" content=\"index, follow, max-snippet:-1, max-image-preview:large, max-video-preview:-1\" \/>\n<link rel=\"canonical\" href=\"https:\/\/campingresort-bayerwald.de\/en\/mieten\/\" \/>\n<meta property=\"og:locale\" content=\"en_US\" \/>\n<meta property=\"og:type\" content=\"article\" \/>\n<meta property=\"og:title\" content=\"Schlafen im Fass oder Wohnwagen mieten im Camping Resort Bayerwald\" \/>\n<meta property=\"og:description\" content=\"Schlafe im Fass oder miete dir einen Wohnwagen im Camping Resort Bayerwald. Sehr hochwertige Sanit\u00e4ranlagen und wundersch\u00f6ner Campingplatz.\" \/>\n<meta property=\"og:url\" content=\"https:\/\/campingresort-bayerwald.de\/en\/mieten\/\" \/>\n<meta property=\"og:site_name\" content=\"Camping Resort Bayerwald\" \/>\n<meta property=\"article:publisher\" content=\"https:\/\/www.facebook.com\/CampingBayerwald\" \/>\n<meta property=\"article:modified_time\" content=\"2025-09-17T11:30:32+00:00\" \/>\n<meta property=\"og:image\" content=\"https:\/\/campingresort-bayerwald.de\/wp-content\/uploads\/1.7b-Camping-Resort-Bayerwald.jpg\" \/>\n\t<meta property=\"og:image:width\" content=\"600\" \/>\n\t<meta property=\"og:image:height\" content=\"600\" \/>\n\t<meta property=\"og:image:type\" content=\"image\/jpeg\" \/>\n<meta name=\"twitter:card\" content=\"summary_large_image\" \/>\n<meta name=\"twitter:label1\" content=\"Est. reading time\" \/>\n\t<meta name=\"twitter:data1\" content=\"15 minutes\" \/>\n<script type=\"application\/ld+json\" class=\"yoast-schema-graph\">{\"@context\":\"https:\/\/schema.org\",\"@graph\":[{\"@type\":\"WebPage\",\"@id\":\"https:\/\/campingresort-bayerwald.de\/mieten\",\"url\":\"https:\/\/campingresort-bayerwald.de\/mieten\",\"name\":\"Schlafen im Fass oder Wohnwagen mieten im Camping Resort Bayerwald\",\"isPartOf\":{\"@id\":\"https:\/\/campingresort-bayerwald.de\/#website\"},\"primaryImageOfPage\":{\"@id\":\"https:\/\/campingresort-bayerwald.de\/mieten#primaryimage\"},\"image\":{\"@id\":\"https:\/\/campingresort-bayerwald.de\/mieten#primaryimage\"},\"thumbnailUrl\":\"https:\/\/campingresort-bayerwald.de\/wp-content\/uploads\/1.7b-Camping-Resort-Bayerwald.jpg\",\"datePublished\":\"2025-06-18T14:39:11+00:00\",\"dateModified\":\"2025-09-17T11:30:32+00:00\",\"description\":\"Schlafe im Fass oder miete dir einen Wohnwagen im Camping Resort Bayerwald. Sehr hochwertige Sanit\u00e4ranlagen und wundersch\u00f6ner Campingplatz.\",\"breadcrumb\":{\"@id\":\"https:\/\/campingresort-bayerwald.de\/mieten#breadcrumb\"},\"inLanguage\":\"en-US\",\"potentialAction\":[{\"@type\":\"ReadAction\",\"target\":[\"https:\/\/campingresort-bayerwald.de\/mieten\"]}]},{\"@type\":\"ImageObject\",\"inLanguage\":\"en-US\",\"@id\":\"https:\/\/campingresort-bayerwald.de\/mieten#primaryimage\",\"url\":\"https:\/\/campingresort-bayerwald.de\/wp-content\/uploads\/1.7b-Camping-Resort-Bayerwald.jpg\",\"contentUrl\":\"https:\/\/campingresort-bayerwald.de\/wp-content\/uploads\/1.7b-Camping-Resort-Bayerwald.jpg\",\"width\":600,\"height\":600,\"caption\":\"Mit dem Wohnmobil oder Caravan in den Camping Urlaub auf den Camping Platz Bayerwald im Bayerischen Wald in Bayern in Waldkirchen\"},{\"@type\":\"BreadcrumbList\",\"@id\":\"https:\/\/campingresort-bayerwald.de\/mieten#breadcrumb\",\"itemListElement\":[{\"@type\":\"ListItem\",\"position\":1,\"name\":\"Startseite\",\"item\":\"https:\/\/campingresort-bayerwald.de\/\"},{\"@type\":\"ListItem\",\"position\":2,\"name\":\"Wohnwagen Mieten &#038; Schlaffass &#8211; Campingplatz &#038; Resort Bayerwald im Bayerischen Wald in Bayern\"}]},{\"@type\":\"WebSite\",\"@id\":\"https:\/\/campingresort-bayerwald.de\/#website\",\"url\":\"https:\/\/campingresort-bayerwald.de\/\",\"name\":\"Camping Resort Bayerwald\",\"description\":\"Campingplatz in Bayern im Bayerwald in Bayern Waldkirchen (Dorn)\",\"publisher\":{\"@id\":\"https:\/\/campingresort-bayerwald.de\/#organization\"},\"potentialAction\":[{\"@type\":\"SearchAction\",\"target\":{\"@type\":\"EntryPoint\",\"urlTemplate\":\"https:\/\/campingresort-bayerwald.de\/?s={search_term_string}\"},\"query-input\":{\"@type\":\"PropertyValueSpecification\",\"valueRequired\":true,\"valueName\":\"search_term_string\"}}],\"inLanguage\":\"en-US\"},{\"@type\":\"Organization\",\"@id\":\"https:\/\/campingresort-bayerwald.de\/#organization\",\"name\":\"Camping Resort Bayerwald\",\"url\":\"https:\/\/campingresort-bayerwald.de\/\",\"logo\":{\"@type\":\"ImageObject\",\"inLanguage\":\"en-US\",\"@id\":\"https:\/\/campingresort-bayerwald.de\/#\/schema\/logo\/image\/\",\"url\":\"https:\/\/campingresort-bayerwald.de\/wp-content\/uploads\/CRB.png\",\"contentUrl\":\"https:\/\/campingresort-bayerwald.de\/wp-content\/uploads\/CRB.png\",\"width\":658,\"height\":232,\"caption\":\"Camping Resort Bayerwald\"},\"image\":{\"@id\":\"https:\/\/campingresort-bayerwald.de\/#\/schema\/logo\/image\/\"},\"sameAs\":[\"https:\/\/www.facebook.com\/CampingBayerwald\",\"https:\/\/www.instagram.com\/camping_resort_bayerwald\/\"]}]}<\/script>\n<!-- \/ Yoast SEO plugin. -->","yoast_head_json":{"title":"Schlafen im Fass oder Wohnwagen mieten im Camping Resort Bayerwald","description":"Schlafe im Fass oder miete dir einen Wohnwagen im Camping Resort Bayerwald. Sehr hochwertige Sanit\u00e4ranlagen und wundersch\u00f6ner Campingplatz.","robots":{"index":"index","follow":"follow","max-snippet":"max-snippet:-1","max-image-preview":"max-image-preview:large","max-video-preview":"max-video-preview:-1"},"canonical":"https:\/\/campingresort-bayerwald.de\/en\/mieten\/","og_locale":"en_US","og_type":"article","og_title":"Schlafen im Fass oder Wohnwagen mieten im Camping Resort Bayerwald","og_description":"Schlafe im Fass oder miete dir einen Wohnwagen im Camping Resort Bayerwald. Sehr hochwertige Sanit\u00e4ranlagen und wundersch\u00f6ner Campingplatz.","og_url":"https:\/\/campingresort-bayerwald.de\/en\/mieten\/","og_site_name":"Camping Resort Bayerwald","article_publisher":"https:\/\/www.facebook.com\/CampingBayerwald","article_modified_time":"2025-09-17T11:30:32+00:00","og_image":[{"width":600,"height":600,"url":"https:\/\/campingresort-bayerwald.de\/wp-content\/uploads\/1.7b-Camping-Resort-Bayerwald.jpg","type":"image\/jpeg"}],"twitter_card":"summary_large_image","twitter_misc":{"Est. reading time":"15 minutes"},"schema":{"@context":"https:\/\/schema.org","@graph":[{"@type":"WebPage","@id":"https:\/\/campingresort-bayerwald.de\/mieten","url":"https:\/\/campingresort-bayerwald.de\/mieten","name":"Schlafen im Fass oder Wohnwagen mieten im Camping Resort Bayerwald","isPartOf":{"@id":"https:\/\/campingresort-bayerwald.de\/#website"},"primaryImageOfPage":{"@id":"https:\/\/campingresort-bayerwald.de\/mieten#primaryimage"},"image":{"@id":"https:\/\/campingresort-bayerwald.de\/mieten#primaryimage"},"thumbnailUrl":"https:\/\/campingresort-bayerwald.de\/wp-content\/uploads\/1.7b-Camping-Resort-Bayerwald.jpg","datePublished":"2025-06-18T14:39:11+00:00","dateModified":"2025-09-17T11:30:32+00:00","description":"Schlafe im Fass oder miete dir einen Wohnwagen im Camping Resort Bayerwald. Sehr hochwertige Sanit\u00e4ranlagen und wundersch\u00f6ner Campingplatz.","breadcrumb":{"@id":"https:\/\/campingresort-bayerwald.de\/mieten#breadcrumb"},"inLanguage":"en-US","potentialAction":[{"@type":"ReadAction","target":["https:\/\/campingresort-bayerwald.de\/mieten"]}]},{"@type":"ImageObject","inLanguage":"en-US","@id":"https:\/\/campingresort-bayerwald.de\/mieten#primaryimage","url":"https:\/\/campingresort-bayerwald.de\/wp-content\/uploads\/1.7b-Camping-Resort-Bayerwald.jpg","contentUrl":"https:\/\/campingresort-bayerwald.de\/wp-content\/uploads\/1.7b-Camping-Resort-Bayerwald.jpg","width":600,"height":600,"caption":"Mit dem Wohnmobil oder Caravan in den Camping Urlaub auf den Camping Platz Bayerwald im Bayerischen Wald in Bayern in Waldkirchen"},{"@type":"BreadcrumbList","@id":"https:\/\/campingresort-bayerwald.de\/mieten#breadcrumb","itemListElement":[{"@type":"ListItem","position":1,"name":"Startseite","item":"https:\/\/campingresort-bayerwald.de\/"},{"@type":"ListItem","position":2,"name":"Wohnwagen Mieten &#038; Schlaffass &#8211; Campingplatz &#038; Resort Bayerwald im Bayerischen Wald in Bayern"}]},{"@type":"WebSite","@id":"https:\/\/campingresort-bayerwald.de\/#website","url":"https:\/\/campingresort-bayerwald.de\/","name":"Camping Resort Bayerwald","description":"Campingplatz in Bayern im Bayerwald in Bayern Waldkirchen (Dorn)","publisher":{"@id":"https:\/\/campingresort-bayerwald.de\/#organization"},"potentialAction":[{"@type":"SearchAction","target":{"@type":"EntryPoint","urlTemplate":"https:\/\/campingresort-bayerwald.de\/?s={search_term_string}"},"query-input":{"@type":"PropertyValueSpecification","valueRequired":true,"valueName":"search_term_string"}}],"inLanguage":"en-US"},{"@type":"Organization","@id":"https:\/\/campingresort-bayerwald.de\/#organization","name":"Camping Resort Bayerwald","url":"https:\/\/campingresort-bayerwald.de\/","logo":{"@type":"ImageObject","inLanguage":"en-US","@id":"https:\/\/campingresort-bayerwald.de\/#\/schema\/logo\/image\/","url":"https:\/\/campingresort-bayerwald.de\/wp-content\/uploads\/CRB.png","contentUrl":"https:\/\/campingresort-bayerwald.de\/wp-content\/uploads\/CRB.png","width":658,"height":232,"caption":"Camping Resort Bayerwald"},"image":{"@id":"https:\/\/campingresort-bayerwald.de\/#\/schema\/logo\/image\/"},"sameAs":["https:\/\/www.facebook.com\/CampingBayerwald","https:\/\/www.instagram.com\/camping_resort_bayerwald\/"]}]}},"jetpack_sharing_enabled":true,"_links":{"self":[{"href":"https:\/\/campingresort-bayerwald.de\/en\/wp-json\/wp\/v2\/pages\/22526","targetHints":{"allow":["GET"]}}],"collection":[{"href":"https:\/\/campingresort-bayerwald.de\/en\/wp-json\/wp\/v2\/pages"}],"about":[{"href":"https:\/\/campingresort-bayerwald.de\/en\/wp-json\/wp\/v2\/types\/page"}],"author":[{"embeddable":true,"href":"https:\/\/campingresort-bayerwald.de\/en\/wp-json\/wp\/v2\/users\/11"}],"replies":[{"embeddable":true,"href":"https:\/\/campingresort-bayerwald.de\/en\/wp-json\/wp\/v2\/comments?post=22526"}],"version-history":[{"count":43,"href":"https:\/\/campingresort-bayerwald.de\/en\/wp-json\/wp\/v2\/pages\/22526\/revisions"}],"predecessor-version":[{"id":23240,"href":"https:\/\/campingresort-bayerwald.de\/en\/wp-json\/wp\/v2\/pages\/22526\/revisions\/23240"}],"wp:featuredmedia":[{"embeddable":true,"href":"https:\/\/campingresort-bayerwald.de\/en\/wp-json\/wp\/v2\/media\/22268"}],"wp:attachment":[{"href":"https:\/\/campingresort-bayerwald.de\/en\/wp-json\/wp\/v2\/media?parent=22526"}],"curies":[{"name":"wp","href":"https:\/\/api.w.org\/{rel}","templated":true}]}}